{"id":7,"date":"2019-07-22T16:50:23","date_gmt":"2019-07-22T14:50:23","guid":{"rendered":"https:\/\/rovaniemi-posio2020.aic-iac.org\/?page_id=7"},"modified":"2021-12-09T21:13:52","modified_gmt":"2021-12-09T20:13:52","slug":"programme","status":"publish","type":"page","link":"https:\/\/rovaniemi-posio2021.aic-iac.org\/fr\/programme\/","title":{"rendered":"Programme","raw":"Programme"},"content":{"rendered":"<table style=\"width: 612px;\">\n<tbody>\n<tr>\n<td style=\"width: 612px;\">\n<div id=\"attachment_51\" style=\"width: 1930px\" class=\"wp-caption alignnone\"><img loading=\"lazy\" decoding=\"async\" aria-describedby=\"caption-attachment-51\" class=\"wp-image-51 size-full\" src=\"https:\/\/rovaniemi-posio2020.aic-iac.org\/wp-content\/uploads\/sites\/4\/2019\/09\/arktikum-midnight-sun-rovaniemi.jpg\" alt=\"\" width=\"1920\" height=\"1080\" \/><p id=\"caption-attachment-51\" class=\"wp-caption-text\">Vue du soleil de minuit depuis le Mus\u00e9e et Centre scientifique ARKTIKUM<\/p><\/div>\n<\/td>\n<\/tr>\n<\/tbody>\n<\/table>\n<table style=\"height: 97px; width: 100%;\" cellspacing=\"1\">\n<tbody>\n<tr style=\"height: 97px;\">\n<td style=\"width: 612px; height: 97px; background-color: #ffcf9e;\" colspan=\"3\">\n<h3>\u00a0<\/h3>\n<h3>LE 49\u00e8me CONGR\u00c8S &amp; ASSEMBL\u00c9E G\u00c9N\u00c9RALE &#8211; On the Edge<\/h3>\n<\/td>\n<\/tr>\n<\/tbody>\n<\/table>\n<table style=\"width: 100%; height: 97px;\">\n<tbody>\n<tr style=\"height: 98px;\">\n<td style=\"width: 49.3548%; background-color: #ffcf9e; height: 97px;\">\n<h3>Congr\u00e8s AIC 2021\u00a0<\/h3>\n<p>En ligne le 22-23 septembre 2021<br \/>De 13h \u00e0 20h (UTC+3, heure locale \u00e0 Rovaniemi)<\/p>\n<p><strong>NOTE: Tout le contenu du congr\u00e8s sera disponible pendant une semaine apr\u00e8s le Congr\u00e8s (uniquement pour les participants inscrits).<\/strong><\/p>\n<\/td>\n<td style=\"width: 49.3548%; background-color: #ffcf9e; height: 97px;\">\n<h3>Assembl\u00e9e G\u00e9n\u00e9rale AIC<\/h3>\n<p>En ligne le 24 septembre 2021<br \/>Pour les membres de l&rsquo;AIC uniquement<br \/>(gratuit, inscription obligatoire)<\/p>\n<\/td>\n<\/tr>\n<tr>\n<td style=\"width: 49.3548%; background-color: #ffcf9e;\">\n<hr \/>\n<\/td>\n<td style=\"width: 49.3548%; background-color: #ffcf9e;\">\n<h3>\u00a0<\/h3>\n<\/td>\n<\/tr>\n<tr>\n<td style=\"width: 49.3548%; background-color: #ffcf9e;\">\n<p><strong>Rappel<\/strong> : Le 49e Congr\u00e8s et l\u2019Assembl\u00e9e g\u00e9n\u00e9rale de l\u2019Acad\u00e9mie internationale de la c\u00e9ramique se tiendront en ligne en septembre 2021.<\/p>\n<p>Toutes les personnes qui se sont inscrites au Congr\u00e8s ont re\u00e7u un courriel de <em>LIVETO.io<\/em>. Suivez les instructions contenues dans l\u2019email et inscrivez-vous sur la plateforme de congr\u00e8s en ligne LIVETO. <span style=\"text-decoration: underline;\">Si vous n\u2019avez pas re\u00e7u l\u2019email, veuillez v\u00e9rifier votre courrier ind\u00e9sirable.<\/span><\/p>\n<h3>\u00a0<\/h3>\n<\/td>\n<td style=\"width: 49.3548%; background-color: #ffcf9e;\">\n<p>Si vous rencontrez des difficult\u00e9s pour vous connecter, veuillez contacter (en anglais) <a href=\"mailto:asiakaspalvelu@liveto.fi\">asiakaspalvelu@liveto.fi<\/a>.<\/p>\n<p>Si vous avez d\u2019autres questions, veuillez contacter (en anglais) <a href=\"mailto:congress@ulapland.fi\">congress@ulapland.fi<\/a>.<\/p>\n<\/td>\n<\/tr>\n<\/tbody>\n<\/table>\n<table>\n<tbody>\n<tr>\n<td colspan=\"2\"><span style=\"color: #999999;\">* Veuillez s&rsquo;il vous pla\u00eet noter que l&rsquo;information sur cette page est susceptible d&rsquo;\u00eatre modifi\u00e9e.<\/span><\/p>\n<h3><span style=\"text-decoration: underline;\">Mercredi 22 septembre 2021<\/span><\/h3>\n<\/td>\n<\/tr>\n<tr>\n<td>\n<p>Le 49\u00e8me Congr\u00e8s d\u00e9butera le mercredi 22 septembre 2021 dans le plus grand des conforts, chez vous.<\/p>\n<p>La conf\u00e9rence est inaugur\u00e9e par le pr\u00e9sident de l\u2019AIC, Torbj\u00f8rn Kvasb\u00f8.<\/p>\n<p>Sur la th\u00e9matique g\u00e9n\u00e9rale \u00ab\u00a0On the Edge\u00a0\u00bb, le premier orateur est Tapio Yli-Viikari, professeur \u00e0 l\u2019Universit\u00e9 d\u2019Aalto, suivi de Nathalie Lautenbacher de l&rsquo;Universit\u00e9 d&rsquo;Aalto pour une pr\u00e9sentation sur le m\u00eame th\u00e8me. Les pr\u00e9sentations sur le sujet \u00ab\u00a0\u00c9l\u00e9ments du Futur\u00a0\u00bb sont respectivement men\u00e9es par Adam Chau de l\u2019\u00c9cole de l\u2019Art Institute of Chicago, Michal Puszczynski de l\u2019Acad\u00e9mie d\u2019Art et de Design en Pologne et Barbara Schmidt de l\u2019\u00c9cole Wei\u00dfensee d\u2019Art et de Design en Allemagne.<\/p>\n<\/td>\n<td>\n<p>Finalement, le troisi\u00e8me sujet abord\u00e9 mercredi, \u00ab\u00a0Cr\u00e9ation et Bien-\u00eatre\u00a0\u00bb, est pr\u00e9sent\u00e9 par professeur Arild Berg de l&rsquo;Universit\u00e9 m\u00e9tropolitaine d&rsquo;Oslo et sera suivi d\u2019une pr\u00e9sentation par Dena Bagi de l\u2019Universit\u00e9 de Sunderland.<\/p>\n<p>Les s\u00e9ances de d\u00e9bats (Breakout Sessions) font \u00e0 nouveau partie du programme cette ann\u00e9e. Mercredi, la premi\u00e8re s\u00e9ance sur le th\u00e8me \u00ab\u00a0On the Edge\u00a0\u00bb\u00a0 est mod\u00e9r\u00e9e par Judith Schwartz, vice-pr\u00e9sidente du Conseil de l&rsquo;Acad\u00e9mie et la deuxi\u00e8me s\u00e9ance sur \u00ab\u00a0El\u00e9ments du Futur\u00a0\u00bb est mod\u00e9r\u00e9e par Wendy Gers, membre du Conseil de l&rsquo;AIC.<\/p>\n<p>La premi\u00e8re journ\u00e9e de ce Congr\u00e8s virtuel sera conclue par Torbj\u00f8rn Kvasb\u00f8, pr\u00e9sident de l&rsquo;AIC.<\/p>\n<\/td>\n<\/tr>\n<\/tbody>\n<\/table>\n<table>\n<tbody>\n<tr>\n<td colspan=\"2\">\n<h3>\u00a0<\/h3>\n<h3><span style=\"text-decoration: underline;\">Jeudi 23 septembre 2021<\/span><\/h3>\n<\/td>\n<\/tr>\n<tr>\n<td>\n<p>La deuxi\u00e8me journ\u00e9e du Congr\u00e8s, \u00a0jeudi 23 septembre 2021, est inaugur\u00e9e par Reijo Lantto de l&rsquo;Arctic Ceramic Center (ACC).<\/p>\n<p>La premi\u00e8re oratrice jeudi sur le sujet \u201cLocalit\u00e9 et Mat\u00e9rialit\u00e9\u201d est Riikka Latva-Somppi de l\u2019Universit\u00e9 d\u2019Aalto, suivie par une pr\u00e9sentation par Love J\u00f6nsson, directeur du Mus\u00e9e du Design Rian, et une pr\u00e9sentation par Priska Falin de l\u2019Universit\u00e9 d\u2019Aalto et Helen Felcey de l\u2019Universit\u00e9 Hope de Liverpool.<\/p>\n<p>\u00ab\u00a0Realit\u00e9 sociale et politique\u00a0\u00bb est pr\u00e9sent\u00e9 par l\u2019orateur Neil J. Brownsword de l\u2019Universit\u00e9 de Staffordshire, ainsi que dans des pr\u00e9sentation par Ahmed Umar et Kianoosh Motaghedi.<\/p>\n<\/td>\n<td>\n<p>La troisi\u00e8me s\u00e9ance de d\u00e9bats (la premi\u00e8re du jeudi) sur le th\u00e8me \u00ab\u00a0Cr\u00e9ation et Bien-\u00eatre\u00a0\u00bb est mod\u00e9r\u00e9e par Hyeyoung Cho, membre du Conseil de l&rsquo;Acad\u00e9mie, la quatri\u00e8me s\u00e9ance sur \u00ab\u00a0Localit\u00e9 et Mat\u00e9rialit\u00e9\u00a0\u00bb par David Jones, membre du Conseil de l&rsquo;Acad\u00e9mie et la cinqui\u00e8me sur le sujet \u00ab\u00a0R\u00e9alit\u00e9 sociale et politique\u00a0\u00bb par Judith Schwartz, vice-pr\u00e9sidente de l&rsquo;AIC.<\/p>\n<p>Reijo Lantto, directeur du Centre Arctique de C\u00e9ramique, et Torbj\u00f8rn Kvasb\u00f8, pr\u00e9sident de l&rsquo;AIC, cl\u00f4tureront le 49\u00e8me Congr\u00e8s de l\u2019Acad\u00e9mie internationale de la c\u00e9ramique.<\/p>\n<p>&nbsp;<\/p>\n<\/td>\n<\/tr>\n<tr>\n<td colspan=\"2\">\n<h3>\u00a0<\/h3>\n<h3><span style=\"text-decoration: underline;\">Vendredi 24 septembre 2021<\/span><\/h3>\n<\/td>\n<\/tr>\n<tr>\n<td>\n<p>L\u2019Assembl\u00e9e G\u00e9n\u00e9rale a lieu le vendredi 24 septembre 2021 et est ouverte uniquement aux membres de l\u2019AIC. Elle est gratuite, mais l&rsquo;inscription est obligatoire<\/p>\n<p>L&rsquo;ordre du jour de l&rsquo;AG sera envoy\u00e9e aux membres avant l&rsquo;\u00e9venement.\u00a0<\/p>\n<\/td>\n<td>\n<p>&nbsp;<\/p>\n<\/td>\n<\/tr>\n<tr>\n<td colspan=\"2\">\n<hr \/>\n<\/td>\n<\/tr>\n<tr>\n<td colspan=\"2\"><em><a href=\"https:\/\/rovaniemi-posio2021.aic-iac.org\/wp-content\/uploads\/sites\/4\/2021\/09\/IAC-2021-conference-final-programme-FR.pdf\">PDF du programme de la conf\u00e9rence<\/a><\/em><\/td>\n<\/tr>\n<\/tbody>\n<\/table>\n<table class=\"programme-3-col aligncenter\" style=\"width: 96.9033%; border-collapse: collapse; border-style: solid;\">\n<tbody>\n<tr style=\"height: 19px;\">\n<td style=\"background-color: #a6a6a6; border-style: solid; height: 19px; vertical-align: middle; width: 13.1448%;\">Date<\/td>\n<td style=\"vertical-align: middle; background-color: #a6a6a6; border-style: solid; height: 19px; width: 15.973%;\">Heures (UTC+3)<\/td>\n<td style=\"background-color: #a6a6a6; border-style: solid; height: 19px; width: 68.7191%;\">Programme<\/td>\n<\/tr>\n<tr style=\"height: 19px;\">\n<td style=\"height: 789px; border-style: groove; vertical-align: middle; width: 13.1448%;\" rowspan=\"18\">\n<p>22\/09<br \/>(mer)<\/p>\n<\/td>\n<td style=\"height: 19px; vertical-align: middle; background-color: #e3e3e3; border-style: groove; width: 15.973%;\">13.00 &#8211; 13.10<\/td>\n<td style=\"height: 19px; background-color: #e3e3e3; border-style: groove; width: 68.7191%;\">Bienvenue<\/td>\n<\/tr>\n<tr style=\"height: 19px;\">\n<td style=\"height: 19px; vertical-align: middle; background-color: #e3e3e3; border-style: groove; width: 15.973%;\">13.10 &#8211; 13.25<\/td>\n<td style=\"height: 19px; background-color: #e3e3e3; border-style: groove; width: 68.7191%;\">Inauguration de la conf\u00e9rence par Torbj\u00f8rn Kvasb\u00f8, Pr\u00e9sident du Conseil de l&rsquo;AIC (Norv\u00e8ge)<\/td>\n<\/tr>\n<tr style=\"height: 19px;\">\n<td style=\"height: 10px; vertical-align: middle; background-color: #e8cad8; border-style: groove; width: 15.973%;\">13.25 &#8211; 14.00<\/td>\n<td style=\"height: 10px; background-color: #e8cad8; border-style: groove; width: 68.7191%;\">\n<p>\u00ab\u00a0On the Edge\u00a0\u00bb<\/p>\n<p>Introductions par Judith Schwartz (\u00c9tats-Unis) PhD, Professeure \u00e9m\u00e9rite \u00e0 l&rsquo;Universit\u00e9 de New York \/ Vice-pr\u00e9sidente du Conseil de l&rsquo;AIC et repr\u00e9sentante pour les USA et le Canada<\/p>\n<p>KEYNOTE<\/p>\n<p><span style=\"text-decoration: underline;\">Approach to Northern Ceramics; Arabia &#8211; Pentik<\/span><br \/>Tapio Yli-Viikari, Professeur \u00e0 l&rsquo;Universit\u00e9 d&rsquo;Aalto, Finlande<\/p>\n<\/td>\n<\/tr>\n<tr style=\"height: 19px;\">\n<td style=\"height: 19px; vertical-align: middle; border-style: groove; width: 15.973%;\">14.00 &#8211; 14.10<\/td>\n<td style=\"height: 19px; border-style: groove; width: 68.7191%;\">Entracte<span style=\"text-decoration: underline;\"><br \/><\/span><\/td>\n<\/tr>\n<tr style=\"height: 19px;\">\n<td style=\"height: 19px; background-color: #b6d4bf; border-style: groove; vertical-align: middle; width: 15.973%;\">\n<p>14.10 &#8211; 15.05<\/p>\n<p>&nbsp;<\/p>\n<\/td>\n<td style=\"height: 19px; background-color: #b6d4bf; border-style: groove; width: 68.7191%;\">\n<p>\u00ab\u00a0On the Edge\u00a0\u00bb<\/p>\n<p>CONF\u00c9RENCES<\/p>\n<p><span style=\"text-decoration: underline;\">Vaellus<\/span><br \/>Anu Pentik, Fondatrice de Pentik, Finlande<\/p>\n<p><span style=\"text-decoration: underline;\">Silent Journey<\/span><br \/>Suku Park, Artiste et directeur d&rsquo;art de l&rsquo;Arctic Ceramic Centre, Finlande<\/p>\n<p><span style=\"text-decoration: underline;\">Remain Upright<\/span><br \/>Fr\u00e9d\u00e9ric Bodet, Conservateur et vice-pr\u00e9sident du Salon de la c\u00e9ramique Paris C-14, France<\/p>\n<p><span style=\"text-decoration: underline;\">On Solid Ground<\/span><br \/>Nathalie Lautenbacher, Ma\u00eetre de conf\u00e9rences en Design \u00e0 l&rsquo;Universit\u00e9 d&rsquo;Aalto, Finlande<\/p>\n<\/td>\n<\/tr>\n<tr style=\"height: 19px;\">\n<td style=\"height: 19px; vertical-align: middle; border-style: groove; width: 15.973%;\">15.05 &#8211; 15.15<\/td>\n<td style=\"height: 19px; border-style: groove; width: 68.7191%;\">Entracte<\/td>\n<\/tr>\n<tr>\n<td style=\"vertical-align: middle; border-style: groove; width: 15.973%;\">15.15 &#8211; 15.30<\/td>\n<td style=\"border-style: groove; width: 68.7191%;\">Discussion \/ Q&amp;A sur le th\u00e8me \u00ab\u00a0On the Edge\u00a0\u00bb<\/td>\n<\/tr>\n<tr style=\"height: 19px;\">\n<td style=\"height: 10px; vertical-align: middle; background-color: #c1d0e3; border-style: groove; width: 15.973%;\">15.30 &#8211; 15.50<\/td>\n<td style=\"height: 10px; background-color: #c1d0e3; border-style: groove; width: 68.7191%;\">\n<p>S\u00c9ANCE DE D\u00c9BATS 1 &#8211; \u00ab\u00a0On the Edge\u00a0\u00bb<\/p>\n<p>Introductions par Judith Schwartz (\u00c9tats-Unis) PhD, Professeure \u00e9m\u00e9rite \u00e0 l&rsquo;Universit\u00e9 de New York \/ Vice-pr\u00e9sidente du Conseil de l&rsquo;AIC et repr\u00e9sentante pour les USA et le Canada<\/p>\n<p><span style=\"text-decoration: underline;\">On the Edge<br \/><\/span>M\u00e1ret \u00c1nne Sara, Artiste et auteur (Norv\u00e8ge)<\/p>\n<p><span style=\"text-decoration: underline;\">Critical Discourses<br \/><\/span>Elaine Henry, Artiste, \u00e9crivaine et conservatrice (\u00c9tats-Unis)<span style=\"text-decoration: underline;\"><\/p>\n<p><\/span><span style=\"text-decoration: underline;\">Quartz Inversion: The Moment of Change <br \/><\/span>Adil Writer, Artiste (Inde)<\/p>\n<\/td>\n<\/tr>\n<tr style=\"height: 19px;\">\n<td style=\"vertical-align: middle; height: 19px; border-style: groove; width: 15.973%;\">15.50 &#8211; 16.30<\/td>\n<td style=\"height: 19px; border-style: groove; width: 68.7191%;\">Entracte<\/td>\n<\/tr>\n<tr style=\"height: 150px;\">\n<td style=\"vertical-align: middle; background-color: #e8cad8; height: 110px; border-style: groove; width: 15.973%;\">16.30 &#8211; 17.05<\/td>\n<td style=\"background-color: #e8cad8; height: 110px; border-style: groove; width: 68.7191%;\">\n<p>\u00a0\u00ab\u00a0\u00c9l\u00e9ments du Futur\u00a0\u00bb<\/p>\n<p>Introductions par Pauliina P\u00f6ll\u00e4nen, MA Art Visuel, doctorante et artiste, Norv\u00e8ge<\/p>\n<p>KEYNOTE<\/p>\n<p><span style=\"text-decoration: underline;\">Undustrial Design<\/span><br \/>Adam Chau, Artiste \u00e0 l&rsquo;\u00c9cole de l&rsquo;Art Institute of Chicago, \u00c9tats-Unis<\/p>\n<\/td>\n<\/tr>\n<tr style=\"height: 189px;\">\n<td style=\"vertical-align: middle; background-color: #b6d4bf; height: 189px; border-style: groove; width: 15.973%;\">17.05 &#8211; 17.55<\/td>\n<td style=\"background-color: #b6d4bf; height: 189px; border-style: groove; width: 68.7191%;\">\n<p>\u00ab\u00a0\u00c9l\u00e9ments du Futur\u00a0\u00bb<\/p>\n<p>CONF\u00c9RENCES<\/p>\n<p><span style=\"text-decoration: underline;\">The Modern Approach to Wood-Fired Ceramics<\/span><br \/>Michal Puszczynski, PhD, Acad\u00e9mie d&rsquo;Art et de Design, Pologne<\/p>\n<p><span style=\"text-decoration: underline;\">Thinking with Material \u2013 Ceramics in Design Processes <\/span><br \/>Barbara Schmidt, Professeure en Design exp\u00e9rimental, \u00c9cole Wei\u00dfensee d&rsquo;Art et de Design, Allemagne<\/p>\n<\/td>\n<\/tr>\n<tr style=\"height: 19px;\">\n<td style=\"vertical-align: middle; height: 19px; border-style: groove; width: 15.973%;\">17.55 &#8211; 18.05<\/td>\n<td style=\"height: 19px; border-style: groove; width: 68.7191%;\">Discussion \/ Q&amp;A sur le sujet \u00ab\u00a0\u00c9l\u00e9ments du Futur\u00a0\u00bb<\/td>\n<\/tr>\n<tr style=\"height: 19px;\">\n<td style=\"vertical-align: middle; height: 19px; border-style: groove; width: 15.973%;\">18.05 &#8211; 18.15<\/td>\n<td style=\"height: 19px; border-style: groove; width: 68.7191%;\">Entracte<\/td>\n<\/tr>\n<tr style=\"height: 276px;\">\n<td style=\"vertical-align: middle; background-color: #c1d0e3; height: 10px; border-style: groove; width: 15.973%;\">18.15 &#8211; 18.45<\/td>\n<td style=\"background-color: #c1d0e3; height: 10px; border-style: groove; width: 68.7191%;\">\n<p>S\u00c9ANCE DE D\u00c9BATS 2 &#8211; \u00ab\u00a0\u00c9l\u00e9ments du Futur\u00a0\u00bb<\/p>\n<p>Introductions par Wendy Gers (Afrique du Sud) PhD, Membre du Conseil de l&rsquo;AIC, Repr\u00e9sentante pour l&rsquo;Australie, la Nouvelle Z\u00e9lande et l&rsquo;Afrique du Sud<\/p>\n<p><span style=\"text-decoration: underline;\">Intangible Heritage<br \/><\/span>Monika Gass, Artiste et conservatrice (Allemagne)<\/p>\n<p><span style=\"text-decoration: underline;\">Holocene Park<\/span><br \/><span style=\"font-family: inherit;\">Paul March, Artiste (Suisse)<\/p>\n<p><\/span><span style=\"text-decoration: underline;\">Geometric Translations<br \/><\/span>Antra Sinha, Artiste (Inde)<\/p>\n<p><span style=\"font-family: inherit;\"><span style=\"text-decoration: underline;\">Living the Earth<br \/><\/span>Virginia Fr\u00f3is, Professeure adjoint de c\u00e9ramique et de sculpture, Oficinas do Convento (Portugal<span style=\"text-decoration: underline;\">)<br \/><\/span><\/span><\/p>\n<\/td>\n<\/tr>\n<tr style=\"height: 189px;\">\n<td style=\"vertical-align: middle; background-color: #e8cad8; height: 106px; border-style: groove; width: 15.973%;\">18.45 &#8211; 19.20<\/td>\n<td style=\"background-color: #e8cad8; height: 106px; border-style: groove; width: 68.7191%;\">\n<p>\u00ab\u00a0Cr\u00e9ation et Bien-\u00eatre\u00a0\u00bb<\/p>\n<p>Introductions par Anniina Koivurova, D.A., Conservatrice, Mus\u00e9e d&rsquo;art de Rovaniemi, Finlande<\/p>\n<p>KEYNOTE<\/p>\n<p><span style=\"text-decoration: underline;\">Ceramic Practice in Health Research \u2013 Making Public Art in a Hospital<\/span><br \/>Arild Berg, Professeur de recherche artistique en design de produits, Universit\u00e9 m\u00e9tropolitaine d&rsquo;Oslo, Norv\u00e8ge<\/p>\n<\/td>\n<\/tr>\n<tr style=\"height: 145px;\">\n<td style=\"vertical-align: middle; background-color: #b6d4bf; height: 145px; border-style: groove; width: 15.973%;\">19.20 &#8211; 19.45<\/td>\n<td style=\"background-color: #b6d4bf; height: 145px; border-style: groove; width: 68.7191%;\">\n<p>\u00a0\u00ab\u00a0Cr\u00e9ation et Bien-\u00eatre\u00a0\u00bb<\/p>\n<p>CONF\u00c9RENCE<\/p>\n<p><span style=\"text-decoration: underline;\">Clarification through Clay: Visualising Meaning-Making<\/span><br \/>Dena Bagi, PhD\/Doctorante \u00e0 l&rsquo;Universit\u00e9 de Sunderland, Royaume-Uni<\/p>\n<\/td>\n<\/tr>\n<tr style=\"height: 19px;\">\n<td style=\"vertical-align: middle; height: 19px; border-style: groove; width: 15.973%;\">19.45 &#8211; 19.55<\/td>\n<td style=\"height: 19px; border-style: groove; width: 68.7191%;\">Discussion \/ Q&amp;A sur le sujet \u00ab\u00a0Cr\u00e9ation et Bien-\u00eatre\u00a0\u00bb<\/td>\n<\/tr>\n<tr style=\"height: 19px;\">\n<td style=\"vertical-align: middle; background-color: #e3e3e3; height: 19px; border-style: groove; width: 15.973%;\">19.55 &#8211; 20.00<\/td>\n<td style=\"background-color: #e3e3e3; height: 19px; border-style: groove; width: 68.7191%;\">Discours de cl\u00f4ture par Torbj\u00f8rn Kvasb\u00f8, Pr\u00e9sident du Conseil de l&rsquo;AIC (Norv\u00e8ge)<\/td>\n<\/tr>\n<tr style=\"height: 19px;\">\n<td style=\"vertical-align: middle; height: 753px; border-style: groove; width: 13.1448%;\" rowspan=\"17\">23\/09<br \/>(jeu)<\/td>\n<td style=\"vertical-align: middle; height: 19px; background-color: #e3e3e3; border-style: groove; width: 15.973%;\">13.00 &#8211; 13.05<\/td>\n<td style=\"height: 19px; background-color: #e3e3e3; border-style: groove; width: 68.7191%;\">Bienvenue<\/td>\n<\/tr>\n<tr style=\"height: 19px;\">\n<td style=\"vertical-align: middle; height: 19px; background-color: #e3e3e3; border-style: groove; width: 15.973%;\">13.05 &#8211; 13.15<\/td>\n<td style=\"height: 19px; background-color: #e3e3e3; border-style: groove; width: 68.7191%;\">Discours d&rsquo;ouverture par Reijo Lantto, PDG, Arctic Ceramic Centre, Finlande<\/td>\n<\/tr>\n<tr style=\"height: 190px;\">\n<td style=\"vertical-align: middle; height: 190px; background-color: #c1d0e3; border-style: groove; width: 15.973%;\">13.15 &#8211; 13.45<\/td>\n<td style=\"height: 190px; background-color: #c1d0e3; border-style: groove; width: 68.7191%;\">\n<p>S\u00c9ANCE DE D\u00c9BATS 3 &#8211; \u00ab\u00a0Cr\u00e9ation et Bien-\u00eatre\u00a0\u00bb<\/p>\n<p>Introductions par Hyeyoung Cho (R\u00e9publique de Cor\u00e9e), Membre du Conseil de l&rsquo;AIC, Repr\u00e9sentante pour la Cor\u00e9e du Sud<\/p>\n<p><span style=\"text-decoration: underline;\">Pandemic Pills<\/span><br \/>Madhvi Subrahmanian, Artiste (Singapour)<\/p>\n<p><span style=\"text-decoration: underline;\">Environmental Degradation and Redemption: Healing through Making<br \/><\/span>Holly Hanessian, Artiste et \u00e9ducatrice (\u00c9tats-Unis)<\/p>\n<p><span style=\"text-decoration: underline;\">Naos &#8211; Self Temples<br \/><\/span>Estefania Valls, Artiste (Guatemala)<\/p>\n<p><span style=\"text-decoration: underline;\">Medalta \/ Reclaiming Making &amp; Wellbeing<\/span><br \/>Trudy Golley, Artiste et \u00e9ducatrice (Canada)<\/p>\n<\/td>\n<\/tr>\n<tr style=\"height: 19px;\">\n<td style=\"vertical-align: middle; height: 19px; border-style: groove; width: 15.973%;\">13.45 &#8211; 13.55<\/td>\n<td style=\"height: 19px; border-style: groove; width: 68.7191%;\">Entracte<\/td>\n<\/tr>\n<tr style=\"height: 19px;\">\n<td style=\"vertical-align: middle; height: 19px; background-color: #e8cad8; border-style: groove; width: 15.973%;\">13.55 &#8211; 14.30<\/td>\n<td style=\"height: 19px; background-color: #e8cad8; border-style: groove; width: 68.7191%;\">\n<p>\u00ab\u00a0Localit\u00e9 et Mat\u00e9rialit\u00e9\u00a0\u00bb<\/p>\n<p>Introductions par Caroline Slotte, Professeure d&rsquo;art c\u00e9ramique \u00e0 l&rsquo;\u00c9cole nationale des Arts d&rsquo;Oslo, Norv\u00e8ge<\/p>\n<p>KEYNOTE<\/p>\n<p><span style=\"text-decoration: underline;\">Soil as a Material Mediator: Combining Environmental Research with Ceramic Practice<\/span><br \/>Riikka Latva-Somppi, Conservatrice et artiste-chercheuse \u00e0 l&rsquo;Universit\u00e9 d&rsquo;Aalto, Finlande<\/p>\n<\/td>\n<\/tr>\n<tr style=\"height: 19px;\">\n<td style=\"vertical-align: middle; height: 19px; background-color: #b6d4bf; border-style: groove; width: 15.973%;\">14.30 &#8211; 15.20<\/td>\n<td style=\"height: 19px; background-color: #b6d4bf; border-style: groove; width: 68.7191%;\">\n<p>\u00ab\u00a0Localit\u00e9 et Mat\u00e9rialit\u00e9\u00a0\u00bb<\/p>\n<p>CONF\u00c9RENCES<\/p>\n<p><span style=\"text-decoration: underline;\">Fairy Tales and Decadence \u2013 Recent Developments in Figurative Ceramic Sculpture in the Nordic Region<\/span><br \/>Love J\u00f6nsson, Directeur du Mus\u00e9e du Design Rian, Falkenberg, Su\u00e8de<\/p>\n<p><span style=\"text-decoration: underline;\">What Is It All For?<\/span><br \/>Priska Falin, Artiste-chercheuse \u00e0 l&rsquo;Universit\u00e9 d&rsquo;Aalto, Finlande<\/p>\n<p>Helen Felcey, Artiste, \u00e9ducatrice et conservatrice \u00e0 l&rsquo;Universit\u00e9 Liverpool Hope \/ Biennale de la c\u00e9ramique britannique, Royaume-Uni<\/p>\n<\/td>\n<\/tr>\n<tr style=\"height: 19px;\">\n<td style=\"vertical-align: middle; height: 19px; border-style: groove; width: 15.973%;\">15.20 &#8211; 15.30<\/td>\n<td style=\"height: 19px; border-style: groove; width: 68.7191%;\">Discussion \/ Q&amp;A sur le sujet \u00ab\u00a0Localit\u00e9 et Mat\u00e9rialit\u00e9\u00a0\u00bb<\/td>\n<\/tr>\n<tr style=\"height: 19px;\">\n<td style=\"vertical-align: middle; height: 19px; border-style: groove; width: 15.973%;\">15.30 &#8211; 15.45<\/td>\n<td style=\"height: 19px; border-style: groove; width: 68.7191%;\">Entracte<\/td>\n<\/tr>\n<tr style=\"height: 19px;\">\n<td style=\"vertical-align: middle; height: 19px; background-color: #c1d0e3; border-style: groove; width: 15.973%;\">15.45 &#8211; 16.15<\/td>\n<td style=\"height: 19px; background-color: #c1d0e3; border-style: groove; width: 68.7191%;\">\n<p>S\u00c9ANCE DE D\u00c9BATS 4 &#8211; \u00ab\u00a0Localit\u00e9 et Mat\u00e9rialit\u00e9\u00a0\u00bb<\/p>\n<p>Introductions par David Jones (Royaume-Uni) PhD, Membre du Conseil de l&rsquo;AIC, Repr\u00e9sentant pour le Royaume-Uni, l&rsquo;Irlande et le pays du Benelux<\/p>\n<p><span style=\"text-decoration: underline;\">The Wild Clay<br \/><\/span>Takuro Shibata, Artiste (\u00c9tats-Unis)<\/p>\n<p><span style=\"font-family: inherit;\"><span style=\"text-decoration: underline;\">Hualien Paradise &#8211; Disappearing Culture of the Amis Earthenware Tradition in Taiwan\u00a0<br \/><\/span>Wen-Hsi Harman, Artiste (Taipei Chinois)<\/p>\n<p><\/span><span style=\"font-family: inherit;\"><span style=\"text-decoration: underline;\">Manifesto for Clay<br \/><\/span>Julia Schuster, Artiste (Autriche)<\/p>\n<p><\/span><span style=\"font-family: inherit;\"><span style=\"text-decoration: underline;\">Marking Time<br \/><\/span>Julie Bartholomew, Artiste et \u00e9ducatrice (Australie)<br \/><\/span><\/p>\n<\/td>\n<\/tr>\n<tr style=\"height: 19px;\">\n<td style=\"vertical-align: middle; height: 19px; border-style: groove; width: 15.973%;\">16.15 &#8211; 17.00<\/td>\n<td style=\"height: 19px; border-style: groove; width: 68.7191%;\">Entracte<\/td>\n<\/tr>\n<tr style=\"height: 19px;\">\n<td style=\"vertical-align: middle; height: 19px; background-color: #e8cad8; border-style: groove; width: 15.973%;\">17.00 &#8211; 17.35<\/td>\n<td style=\"height: 19px; background-color: #e8cad8; border-style: groove; width: 68.7191%;\">\n<p>\u00ab\u00a0R\u00e9alit\u00e9 sociale et politique\u00a0\u00bb<\/p>\n<p>Introductions par Lars Sture, Conservateur et artiste d&rsquo;artisanat norv\u00e9gien, Norv\u00e8ge<\/p>\n<p>KEYNOTE<\/p>\n<p><span style=\"text-decoration: underline;\">Beyond Preservation: Re-Evaluating Intangible Cultural Heritage in the UK Ceramic Industry<\/span><br \/>Neil J. Brownsword, Artiste et professeur \u00e0 l&rsquo;Universit\u00e9 de Staffordshire, Royaume-Uni<\/p>\n<\/td>\n<\/tr>\n<tr style=\"height: 106px;\">\n<td style=\"vertical-align: middle; background-color: #b6d4bf; height: 106px; border-style: groove; width: 15.973%;\">17.35 &#8211; 18.25<\/td>\n<td style=\"background-color: #b6d4bf; height: 106px; border-style: groove; width: 68.7191%;\">\n<p>\u00ab\u00a0R\u00e9alit\u00e9 sociale et politique\u00a0\u00bb<\/p>\n<p>CONF\u00c9RENCES<\/p>\n<p><span style=\"text-decoration: underline;\">Solace in Clay<\/span><br \/>Ahmed Umar, Artiste visuel, Soudan\/Norv\u00e8ge<\/p>\n<p><span style=\"text-decoration: underline;\">Female Iranian Ceramists: From the Beginning of Modernism to the Present Day<\/span><br \/>Kianoosh Motaghedi, C\u00e9ramiste et chercheur ind\u00e9pendant en C\u00e9ramique islamique, Iran<\/p>\n<\/td>\n<\/tr>\n<tr style=\"height: 19px;\">\n<td style=\"vertical-align: middle; height: 19px; border-style: groove; width: 15.973%;\">18.25 &#8211; 18.35<\/td>\n<td style=\"height: 19px; border-style: groove; width: 68.7191%;\">Discussion \/ Q&amp;A sur le sujet \u00ab\u00a0R\u00e9alit\u00e9 sociale et politique\u00a0\u00bb<\/td>\n<\/tr>\n<tr>\n<td style=\"vertical-align: middle; border-style: groove; width: 15.973%; background-color: #ffffff;\">18.35 &#8211; 18.45<\/td>\n<td style=\"border-style: groove; width: 68.7191%; background-color: #ffffff;\">Entracte<\/td>\n<\/tr>\n<tr style=\"height: 256px;\">\n<td style=\"vertical-align: middle; background-color: #c1d0e3; height: 188px; border-style: groove; width: 15.973%;\">18.45 &#8211; 19.15<\/td>\n<td style=\"background-color: #c1d0e3; height: 188px; border-style: groove; width: 68.7191%;\">\n<p>S\u00c9ANCE DE D\u00c9BATS 5 &#8211; \u00ab\u00a0R\u00e9alit\u00e9 sociale et politique\u00a0\u00bb<\/p>\n<p>Introductions par Judith Schwartz (\u00c9tats-Unis) PhD, Professeure \u00e9m\u00e9rite \u00e0 l&rsquo;Universit\u00e9 de New York \/ Vice-pr\u00e9sidente du Conseil de l&rsquo;AIC et repr\u00e9sentante pour les USA et le Canada<\/p>\n<p><span style=\"text-decoration: underline;\">Canada C3: A Crucible<br \/><\/span>Paula Murray, Artiste (Canada)<br \/><span style=\"font-family: inherit;\"><br \/><span style=\"text-decoration: underline;\">The Power of Ceramics to Express the Tragedy of Forced Migration<br \/><\/span>Patty Wouters, Artiste (Belgique)<\/p>\n<p><\/span><span style=\"font-family: inherit;\"><span style=\"text-decoration: underline;\">Without Borders &#8211; 9 Hungarian Artists<br \/><\/span>Judit Varga, Artiste et \u00e9ducatrice (Hongrie)<\/p>\n<p><\/span><span style=\"text-decoration: underline;\">It All Started with an Apple<br \/><\/span>Beril Anilanmert, Artiste et \u00e9ducatrice (Turquie)<\/p>\n<\/td>\n<\/tr>\n<tr style=\"height: 31px;\">\n<td style=\"vertical-align: middle; background-color: #e3e3e3; height: 31px; border-style: groove; width: 15.973%;\">19.15 &#8211; 19.30<\/td>\n<td style=\"background-color: #e3e3e3; height: 31px; border-style: groove; width: 68.7191%;\">\n<p>Discours de cl\u00f4ture par Reijo Lantto, PDG, Arctic Ceramic Centre, Finlande<\/p>\n<\/td>\n<\/tr>\n<tr style=\"height: 24px;\">\n<td style=\"vertical-align: middle; background-color: #e3e3e3; height: 10px; border-style: groove; width: 15.973%;\">19.30 &#8211; 19.45<\/td>\n<td style=\"background-color: #e3e3e3; height: 10px; border-style: groove; width: 68.7191%;\">\n<p>Remarques de cl\u00f4ture par Torbj\u00f8rn Kvasb\u00f8, Pr\u00e9sident du Conseil de l&rsquo;AIC (Norv\u00e8ge)<\/p>\n<\/td>\n<\/tr>\n<tr style=\"height: 38px;\">\n<td style=\"vertical-align: middle; border-style: groove; width: 13.1448%; background-color: #ffffff; height: 38px;\">24\/09<br \/>(ven)<\/td>\n<td style=\"vertical-align: middle; border-style: groove; width: 15.973%; background-color: #ffffff; height: 38px;\">14.00 &#8211; 17.00<\/td>\n<td style=\"border-style: groove; width: 68.7191%; background-color: #ffffff; height: 38px;\">Assembl\u00e9e G\u00e9n\u00e9rale <br \/>(ouverte uniquement aux membres de l&rsquo;AIC &#8211; gratuit mais inscription obligatoire)<\/td>\n<\/tr>\n<tr style=\"height: 17px;\">\n<td style=\"vertical-align: middle; border-style: groove; width: 97.8369%; height: 17px; background-color: #ffffff;\" colspan=\"3\">\u00a0<\/td>\n<\/tr>\n<tr style=\"height: 19px;\">\n<td style=\"border-style: groove; width: 97.8369%; height: 19px; background-color: #e3e3e3; vertical-align: middle;\" colspan=\"3\">Discours d&rsquo;ouverture \/ de cl\u00f4ture<\/td>\n<\/tr>\n<tr style=\"height: 19px;\">\n<td style=\"border-style: groove; height: 19px; background-color: #e8cad8; vertical-align: middle; width: 97.8369%;\" colspan=\"3\">Pr\u00e9sentations Keynote<\/td>\n<\/tr>\n<tr style=\"height: 19px;\">\n<td style=\"border-style: groove; background-color: #b6d4bf; vertical-align: middle; width: 97.8369%; height: 19px;\" colspan=\"3\">Conf\u00e9rences<\/td>\n<\/tr>\n<tr style=\"height: 19px;\">\n<td style=\"border-style: groove; width: 97.8369%; background-color: #c1d0e3; vertical-align: middle; height: 19px;\" colspan=\"3\">S\u00e9ances de d\u00e9bats<\/td>\n<\/tr>\n<\/tbody>\n<\/table>\n<p>&nbsp;<\/p>\n<hr \/>\n<table style=\"height: 428px;\">\n<tbody>\n<tr style=\"height: 64px;\">\n<td style=\"width: 610px; height: 64px;\" colspan=\"2\">\n<h3>INFORMATION COMPL\u00c8MENTAIRE SUR LE PROGRAMME<\/h3>\n<\/td>\n<\/tr>\n<tr style=\"height: 387px;\">\n<td style=\"height: 364px; width: 610px;\" colspan=\"2\">\n<div id=\"attachment_52\" style=\"width: 1930px\" class=\"wp-caption alignnone\"><img loading=\"lazy\" decoding=\"async\" aria-describedby=\"caption-attachment-52\" class=\"wp-image-52 size-full\" src=\"https:\/\/rovaniemi-posio2020.aic-iac.org\/wp-content\/uploads\/sites\/4\/2019\/09\/Korundi-hall.jpg\" alt=\"\" width=\"1920\" height=\"1080\" srcset=\"https:\/\/rovaniemi-posio2021.aic-iac.org\/wp-content\/uploads\/sites\/4\/2019\/09\/Korundi-hall.jpg 1920w, https:\/\/rovaniemi-posio2021.aic-iac.org\/wp-content\/uploads\/sites\/4\/2019\/09\/Korundi-hall-300x169.jpg 300w, https:\/\/rovaniemi-posio2021.aic-iac.org\/wp-content\/uploads\/sites\/4\/2019\/09\/Korundi-hall-768x432.jpg 768w, https:\/\/rovaniemi-posio2021.aic-iac.org\/wp-content\/uploads\/sites\/4\/2019\/09\/Korundi-hall-1024x576.jpg 1024w\" sizes=\"auto, (max-width: 1920px) 100vw, 1920px\" \/><p id=\"caption-attachment-52\" class=\"wp-caption-text\">L&rsquo;auditorium de la Maison de la Culture Korundi<\/p><\/div>\n<\/td>\n<\/tr>\n<\/tbody>\n<\/table>\n<table style=\"height: 10px;\" width=\"612\">\n<tbody>\n<tr style=\"height: 10px;\">\n<td style=\"height: 10px; width: 302px;\">\n<p><span style=\"text-decoration: underline;\">Programme des conf\u00e9rences<br \/><\/span>Le programme comprendra des conf\u00e9rences et des sessions de d\u00e9bats sur le th\u00e8me central propos\u00e9 : \u00ab On the Edge \u00bb. Autour de ces discussions, des expositions \u00e0 visiter en ligne sont disponibles sur la plateforme du congr\u00e8s en tout temps.\u00a0<br \/>\u00a0<br \/>\u00ab\u00a0On the Edge\u00a0\u00bb est un th\u00e8me particuli\u00e8rement pertinent en Finlande et en Laponie. La Finlande se situe \u00e0 la fronti\u00e8re de l&rsquo;Europe, tant g\u00e9ographiquement que culturellement, et la Laponie fait partie de la r\u00e9gion mystique de l&rsquo;Arctique, ou un Ultima Thule si vous voulez; la fronti\u00e8re du monde connu.<\/p>\n<p>&nbsp;<\/p>\n<\/td>\n<td style=\"height: 10px; width: 302px;\">\n<p>\u00ab\u00a0On the Edge\u00a0\u00bb est un th\u00e8me qui encourage les discussions sur les courants dominants et les limites de la c\u00e9ramique et de son art, tant au niveau de sa nature que de son positionnement parmi toutes les formes d&rsquo;art. \u00ab On the Edge\u00a0\u00bb sera \u00e9galement interpr\u00e9t\u00e9 comme une ligne de temps, un continuum entre pass\u00e9, pr\u00e9sent et futur.<\/p>\n<p><span style=\"text-decoration: underline;\">Breakout Session<br \/><\/span>Cet \u00e9v\u00e8nement, ouvert au public, est une sc\u00e8ne de promotion pour les membres de l\u2019AIC. Elle est destin\u00e9e \u00e0 l&rsquo;annonce d\u2019activit\u00e9s culturelles (programmes, recherches, exp\u00e9rience artistique, etc.), et ceci, dans un format de cinq minutes par intervention.<\/p>\n<\/td>\n<\/tr>\n<\/tbody>\n<\/table>\n","protected":false,"raw":"<table style=\"width: 612px;\">\r\n<tbody>\r\n<tr>\r\n<td style=\"width: 612px;\">\r\n[caption id=\"attachment_51\" align=\"alignnone\" width=\"1920\"]<img class=\"wp-image-51 size-full\" src=\"https:\/\/rovaniemi-posio2020.aic-iac.org\/wp-content\/uploads\/sites\/4\/2019\/09\/arktikum-midnight-sun-rovaniemi.jpg\" alt=\"\" width=\"1920\" height=\"1080\" \/> Vue du soleil de minuit depuis le Mus\u00e9e et Centre scientifique ARKTIKUM[\/caption]\r\n<\/td>\r\n<\/tr>\r\n<\/tbody>\r\n<\/table>\r\n<table style=\"height: 97px; width: 100%;\" cellspacing=\"1\">\r\n<tbody>\r\n<tr style=\"height: 97px;\">\r\n<td style=\"width: 612px; height: 97px; background-color: #ffcf9e;\" colspan=\"3\">\r\n<h3>\u00a0<\/h3>\r\n<h3>LE 49\u00e8me CONGR\u00c8S &amp; ASSEMBL\u00c9E G\u00c9N\u00c9RALE - On the Edge<\/h3>\r\n<\/td>\r\n<\/tr>\r\n<\/tbody>\r\n<\/table>\r\n<table style=\"width: 100%; height: 97px;\">\r\n<tbody>\r\n<tr style=\"height: 98px;\">\r\n<td style=\"width: 49.3548%; background-color: #ffcf9e; height: 97px;\">\r\n<h3>Congr\u00e8s AIC 2021\u00a0<\/h3>\r\n<p>En ligne le 22-23 septembre 2021<br \/>De 13h \u00e0 20h (UTC+3, heure locale \u00e0 Rovaniemi)<\/p>\r\n<p><strong>NOTE: Tout le contenu du congr\u00e8s sera disponible pendant une semaine apr\u00e8s le Congr\u00e8s (uniquement pour les participants inscrits).<\/strong><\/p>\r\n<\/td>\r\n<td style=\"width: 49.3548%; background-color: #ffcf9e; height: 97px;\">\r\n<h3>Assembl\u00e9e G\u00e9n\u00e9rale AIC<\/h3>\r\n<p>En ligne le 24 septembre 2021<br \/>Pour les membres de l'AIC uniquement<br \/>(gratuit, inscription obligatoire)<\/p>\r\n<\/td>\r\n<\/tr>\r\n<tr>\r\n<td style=\"width: 49.3548%; background-color: #ffcf9e;\"><hr \/><\/td>\r\n<td style=\"width: 49.3548%; background-color: #ffcf9e;\">\r\n<h3>\u00a0<\/h3>\r\n<\/td>\r\n<\/tr>\r\n<tr>\r\n<td style=\"width: 49.3548%; background-color: #ffcf9e;\">\r\n<p><strong>Rappel<\/strong> : Le 49e Congr\u00e8s et l\u2019Assembl\u00e9e g\u00e9n\u00e9rale de l\u2019Acad\u00e9mie internationale de la c\u00e9ramique se tiendront en ligne en septembre 2021.<\/p>\r\n<p>Toutes les personnes qui se sont inscrites au Congr\u00e8s ont re\u00e7u un courriel de <em>LIVETO.io<\/em>. Suivez les instructions contenues dans l\u2019email et inscrivez-vous sur la plateforme de congr\u00e8s en ligne LIVETO. <span style=\"text-decoration: underline;\">Si vous n\u2019avez pas re\u00e7u l\u2019email, veuillez v\u00e9rifier votre courrier ind\u00e9sirable.<\/span><\/p>\r\n<h3>\u00a0<\/h3>\r\n<\/td>\r\n<td style=\"width: 49.3548%; background-color: #ffcf9e;\">\r\n<p>Si vous rencontrez des difficult\u00e9s pour vous connecter, veuillez contacter (en anglais) <a href=\"mailto:asiakaspalvelu@liveto.fi\">asiakaspalvelu@liveto.fi<\/a>.<\/p>\r\n<p>Si vous avez d\u2019autres questions, veuillez contacter (en anglais) <a href=\"mailto:congress@ulapland.fi\">congress@ulapland.fi<\/a>.<\/p>\r\n<\/td>\r\n<\/tr>\r\n<\/tbody>\r\n<\/table>\r\n<table>\r\n<tbody>\r\n<tr>\r\n<td colspan=\"2\"><span style=\"color: #999999;\">* Veuillez s'il vous pla\u00eet noter que l'information sur cette page est susceptible d'\u00eatre modifi\u00e9e.<\/span>\r\n<h3><span style=\"text-decoration: underline;\">Mercredi 22 septembre 2021<\/span><\/h3>\r\n<\/td>\r\n<\/tr>\r\n<tr>\r\n<td>\r\n<p>Le 49\u00e8me Congr\u00e8s d\u00e9butera le mercredi 22 septembre 2021 dans le plus grand des conforts, chez vous.<\/p>\r\n<p>La conf\u00e9rence est inaugur\u00e9e par le pr\u00e9sident de l\u2019AIC, Torbj\u00f8rn Kvasb\u00f8.<\/p>\r\n<p>Sur la th\u00e9matique g\u00e9n\u00e9rale \"On the Edge\", le premier orateur est Tapio Yli-Viikari, professeur \u00e0 l\u2019Universit\u00e9 d\u2019Aalto, suivi de Nathalie Lautenbacher de l'Universit\u00e9 d'Aalto pour une pr\u00e9sentation sur le m\u00eame th\u00e8me. Les pr\u00e9sentations sur le sujet \"\u00c9l\u00e9ments du Futur\" sont respectivement men\u00e9es par Adam Chau de l\u2019\u00c9cole de l\u2019Art Institute of Chicago, Michal Puszczynski de l\u2019Acad\u00e9mie d\u2019Art et de Design en Pologne et Barbara Schmidt de l\u2019\u00c9cole Wei\u00dfensee d\u2019Art et de Design en Allemagne.<\/p>\r\n<\/td>\r\n<td>\r\n<p>Finalement, le troisi\u00e8me sujet abord\u00e9 mercredi, \"Cr\u00e9ation et Bien-\u00eatre\", est pr\u00e9sent\u00e9 par professeur Arild Berg de l'Universit\u00e9 m\u00e9tropolitaine d'Oslo et sera suivi d\u2019une pr\u00e9sentation par Dena Bagi de l\u2019Universit\u00e9 de Sunderland.<\/p>\r\n<p>Les s\u00e9ances de d\u00e9bats (Breakout Sessions) font \u00e0 nouveau partie du programme cette ann\u00e9e. Mercredi, la premi\u00e8re s\u00e9ance sur le th\u00e8me \"On the Edge\"\u00a0 est mod\u00e9r\u00e9e par Judith Schwartz, vice-pr\u00e9sidente du Conseil de l'Acad\u00e9mie et la deuxi\u00e8me s\u00e9ance sur \"El\u00e9ments du Futur\" est mod\u00e9r\u00e9e par Wendy Gers, membre du Conseil de l'AIC.<\/p>\r\n<p>La premi\u00e8re journ\u00e9e de ce Congr\u00e8s virtuel sera conclue par Torbj\u00f8rn Kvasb\u00f8, pr\u00e9sident de l'AIC.<\/p>\r\n<\/td>\r\n<\/tr>\r\n<\/tbody>\r\n<\/table>\r\n<table>\r\n<tbody>\r\n<tr>\r\n<td colspan=\"2\">\r\n<h3>\u00a0<\/h3>\r\n<h3><span style=\"text-decoration: underline;\">Jeudi 23 septembre 2021<\/span><\/h3>\r\n<\/td>\r\n<\/tr>\r\n<tr>\r\n<td>\r\n<p>La deuxi\u00e8me journ\u00e9e du Congr\u00e8s, \u00a0jeudi 23 septembre 2021, est inaugur\u00e9e par Reijo Lantto de l'Arctic Ceramic Center (ACC).<\/p>\r\n<p><br \/>La premi\u00e8re oratrice jeudi sur le sujet \u201cLocalit\u00e9 et Mat\u00e9rialit\u00e9\u201d est Riikka Latva-Somppi de l\u2019Universit\u00e9 d\u2019Aalto, suivie par une pr\u00e9sentation par Love J\u00f6nsson, directeur du Mus\u00e9e du Design Rian, et une pr\u00e9sentation par Priska Falin de l\u2019Universit\u00e9 d\u2019Aalto et Helen Felcey de l\u2019Universit\u00e9 Hope de Liverpool.<\/p>\r\n<p><br \/>\"Realit\u00e9 sociale et politique\" est pr\u00e9sent\u00e9 par l\u2019orateur Neil J. Brownsword de l\u2019Universit\u00e9 de Staffordshire, ainsi que dans des pr\u00e9sentation par Ahmed Umar et Kianoosh Motaghedi.<\/p>\r\n<\/td>\r\n<td>\r\n<p>La troisi\u00e8me s\u00e9ance de d\u00e9bats (la premi\u00e8re du jeudi) sur le th\u00e8me \"Cr\u00e9ation et Bien-\u00eatre\" est mod\u00e9r\u00e9e par Hyeyoung Cho, membre du Conseil de l'Acad\u00e9mie, la quatri\u00e8me s\u00e9ance sur \"Localit\u00e9 et Mat\u00e9rialit\u00e9\" par David Jones, membre du Conseil de l'Acad\u00e9mie et la cinqui\u00e8me sur le sujet \"R\u00e9alit\u00e9 sociale et politique\" par Judith Schwartz, vice-pr\u00e9sidente de l'AIC.<\/p>\r\n<p>Reijo Lantto, directeur du Centre Arctique de C\u00e9ramique, et Torbj\u00f8rn Kvasb\u00f8, pr\u00e9sident de l'AIC, cl\u00f4tureront le 49\u00e8me Congr\u00e8s de l\u2019Acad\u00e9mie internationale de la c\u00e9ramique.<\/p>\r\n<p>&nbsp;<\/p>\r\n<\/td>\r\n<\/tr>\r\n<tr>\r\n<td colspan=\"2\">\r\n<h3>\u00a0<\/h3>\r\n<h3><span style=\"text-decoration: underline;\">Vendredi 24 septembre 2021<\/span><\/h3>\r\n<\/td>\r\n<\/tr>\r\n<tr>\r\n<td>\r\n<p>L\u2019Assembl\u00e9e G\u00e9n\u00e9rale a lieu le vendredi 24 septembre 2021 et est ouverte uniquement aux membres de l\u2019AIC. Elle est gratuite, mais l'inscription est obligatoire<br \/><br \/>L'ordre du jour de l'AG sera envoy\u00e9e aux membres avant l'\u00e9venement.\u00a0<\/p>\r\n<\/td>\r\n<td>\r\n<p>&nbsp;<\/p>\r\n<\/td>\r\n<\/tr>\r\n<tr>\r\n<td colspan=\"2\"><hr \/><\/td>\r\n<\/tr>\r\n<tr>\r\n<td colspan=\"2\"><em><a href=\"https:\/\/rovaniemi-posio2021.aic-iac.org\/wp-content\/uploads\/sites\/4\/2021\/09\/IAC-2021-conference-final-programme-FR.pdf\">PDF du programme de la conf\u00e9rence<\/a><\/em><\/td>\r\n<\/tr>\r\n<\/tbody>\r\n<\/table>\r\n<table class=\"programme-3-col aligncenter\" style=\"width: 96.9033%; border-collapse: collapse; border-style: solid;\">\r\n<tbody>\r\n<tr style=\"height: 19px;\">\r\n<td style=\"background-color: #a6a6a6; border-style: solid; height: 19px; vertical-align: middle; width: 13.1448%;\">Date<\/td>\r\n<td style=\"vertical-align: middle; background-color: #a6a6a6; border-style: solid; height: 19px; width: 15.973%;\">Heures (UTC+3)<\/td>\r\n<td style=\"background-color: #a6a6a6; border-style: solid; height: 19px; width: 68.7191%;\">Programme<\/td>\r\n<\/tr>\r\n<tr style=\"height: 19px;\">\r\n<td style=\"height: 789px; border-style: groove; vertical-align: middle; width: 13.1448%;\" rowspan=\"18\">\r\n<p>22\/09<br \/>(mer)<\/p>\r\n<\/td>\r\n<td style=\"height: 19px; vertical-align: middle; background-color: #e3e3e3; border-style: groove; width: 15.973%;\">13.00 - 13.10<\/td>\r\n<td style=\"height: 19px; background-color: #e3e3e3; border-style: groove; width: 68.7191%;\">Bienvenue<\/td>\r\n<\/tr>\r\n<tr style=\"height: 19px;\">\r\n<td style=\"height: 19px; vertical-align: middle; background-color: #e3e3e3; border-style: groove; width: 15.973%;\">13.10 - 13.25<\/td>\r\n<td style=\"height: 19px; background-color: #e3e3e3; border-style: groove; width: 68.7191%;\">Inauguration de la conf\u00e9rence par Torbj\u00f8rn Kvasb\u00f8, Pr\u00e9sident du Conseil de l'AIC (Norv\u00e8ge)<\/td>\r\n<\/tr>\r\n<tr style=\"height: 19px;\">\r\n<td style=\"height: 10px; vertical-align: middle; background-color: #e8cad8; border-style: groove; width: 15.973%;\">13.25 - 14.00<\/td>\r\n<td style=\"height: 10px; background-color: #e8cad8; border-style: groove; width: 68.7191%;\">\r\n<p>\"On the Edge\"<\/p>\r\n<p>Introductions par Judith Schwartz (\u00c9tats-Unis) PhD, Professeure \u00e9m\u00e9rite \u00e0 l'Universit\u00e9 de New York \/ Vice-pr\u00e9sidente du Conseil de l'AIC et repr\u00e9sentante pour les USA et le Canada<\/p>\r\n<p>KEYNOTE<\/p>\r\n<p><span style=\"text-decoration: underline;\">Approach to Northern Ceramics; Arabia - Pentik<\/span><br \/>Tapio Yli-Viikari, Professeur \u00e0 l'Universit\u00e9 d'Aalto, Finlande<\/p>\r\n<\/td>\r\n<\/tr>\r\n<tr style=\"height: 19px;\">\r\n<td style=\"height: 19px; vertical-align: middle; border-style: groove; width: 15.973%;\">14.00 - 14.10<\/td>\r\n<td style=\"height: 19px; border-style: groove; width: 68.7191%;\">Entracte<span style=\"text-decoration: underline;\"><br \/><\/span><\/td>\r\n<\/tr>\r\n<tr style=\"height: 19px;\">\r\n<td style=\"height: 19px; background-color: #b6d4bf; border-style: groove; vertical-align: middle; width: 15.973%;\">\r\n<p>14.10 - 15.05<\/p>\r\n<p>&nbsp;<\/p>\r\n<\/td>\r\n<td style=\"height: 19px; background-color: #b6d4bf; border-style: groove; width: 68.7191%;\">\r\n<p>\"On the Edge\"<\/p>\r\n<p>CONF\u00c9RENCES<\/p>\r\n<p><span style=\"text-decoration: underline;\">Vaellus<\/span><br \/>Anu Pentik, Fondatrice de Pentik, Finlande<\/p>\r\n<p><span style=\"text-decoration: underline;\">Silent Journey<\/span><br \/>Suku Park, Artiste et directeur d'art de l'Arctic Ceramic Centre, Finlande<\/p>\r\n<p><span style=\"text-decoration: underline;\">Remain Upright<\/span><br \/>Fr\u00e9d\u00e9ric Bodet, Conservateur et vice-pr\u00e9sident du Salon de la c\u00e9ramique Paris C-14, France<\/p>\r\n<p><span style=\"text-decoration: underline;\">On Solid Ground<\/span><br \/>Nathalie Lautenbacher, Ma\u00eetre de conf\u00e9rences en Design \u00e0 l'Universit\u00e9 d'Aalto, Finlande<\/p>\r\n<\/td>\r\n<\/tr>\r\n<tr style=\"height: 19px;\">\r\n<td style=\"height: 19px; vertical-align: middle; border-style: groove; width: 15.973%;\">15.05 - 15.15<\/td>\r\n<td style=\"height: 19px; border-style: groove; width: 68.7191%;\">Entracte<\/td>\r\n<\/tr>\r\n<tr>\r\n<td style=\"vertical-align: middle; border-style: groove; width: 15.973%;\">15.15 - 15.30<\/td>\r\n<td style=\"border-style: groove; width: 68.7191%;\">Discussion \/ Q&amp;A sur le th\u00e8me \"On the Edge\"<\/td>\r\n<\/tr>\r\n<tr style=\"height: 19px;\">\r\n<td style=\"height: 10px; vertical-align: middle; background-color: #c1d0e3; border-style: groove; width: 15.973%;\">15.30 - 15.50<\/td>\r\n<td style=\"height: 10px; background-color: #c1d0e3; border-style: groove; width: 68.7191%;\">\r\n<p>S\u00c9ANCE DE D\u00c9BATS 1 - \"On the Edge\"<br \/><br \/>Introductions par Judith Schwartz (\u00c9tats-Unis) PhD, Professeure \u00e9m\u00e9rite \u00e0 l'Universit\u00e9 de New York \/ Vice-pr\u00e9sidente du Conseil de l'AIC et repr\u00e9sentante pour les USA et le Canada<\/p>\r\n<p><span style=\"text-decoration: underline;\">On the Edge<br \/><\/span>M\u00e1ret \u00c1nne Sara, Artiste et auteur (Norv\u00e8ge)<br \/><br \/><span style=\"text-decoration: underline;\">Critical Discourses<br \/><\/span>Elaine Henry, Artiste, \u00e9crivaine et conservatrice (\u00c9tats-Unis)<span style=\"text-decoration: underline;\"><br \/><br \/><\/span><span style=\"text-decoration: underline;\">Quartz Inversion: The Moment of Change <br \/><\/span>Adil Writer, Artiste (Inde)<\/p>\r\n<\/td>\r\n<\/tr>\r\n<tr style=\"height: 19px;\">\r\n<td style=\"vertical-align: middle; height: 19px; border-style: groove; width: 15.973%;\">15.50 - 16.30<\/td>\r\n<td style=\"height: 19px; border-style: groove; width: 68.7191%;\">Entracte<\/td>\r\n<\/tr>\r\n<tr style=\"height: 150px;\">\r\n<td style=\"vertical-align: middle; background-color: #e8cad8; height: 110px; border-style: groove; width: 15.973%;\">16.30 - 17.05<\/td>\r\n<td style=\"background-color: #e8cad8; height: 110px; border-style: groove; width: 68.7191%;\">\r\n<p>\u00a0\"\u00c9l\u00e9ments du Futur\"<\/p>\r\n<p>Introductions par Pauliina P\u00f6ll\u00e4nen, MA Art Visuel, doctorante et artiste, Norv\u00e8ge<\/p>\r\n<p>KEYNOTE<\/p>\r\n<p><span style=\"text-decoration: underline;\">Undustrial Design<\/span><br \/>Adam Chau, Artiste \u00e0 l'\u00c9cole de l'Art Institute of Chicago, \u00c9tats-Unis<\/p>\r\n<\/td>\r\n<\/tr>\r\n<tr style=\"height: 189px;\">\r\n<td style=\"vertical-align: middle; background-color: #b6d4bf; height: 189px; border-style: groove; width: 15.973%;\">17.05 - 17.55<\/td>\r\n<td style=\"background-color: #b6d4bf; height: 189px; border-style: groove; width: 68.7191%;\">\r\n<p>\"\u00c9l\u00e9ments du Futur\"<\/p>\r\n<p>CONF\u00c9RENCES<\/p>\r\n<p><span style=\"text-decoration: underline;\">The Modern Approach to Wood-Fired Ceramics<\/span><br \/>Michal Puszczynski, PhD, Acad\u00e9mie d'Art et de Design, Pologne<\/p>\r\n<p><span style=\"text-decoration: underline;\">Thinking with Material \u2013 Ceramics in Design Processes <\/span><br \/>Barbara Schmidt, Professeure en Design exp\u00e9rimental, \u00c9cole Wei\u00dfensee d'Art et de Design, Allemagne<\/p>\r\n<\/td>\r\n<\/tr>\r\n<tr style=\"height: 19px;\">\r\n<td style=\"vertical-align: middle; height: 19px; border-style: groove; width: 15.973%;\">17.55 - 18.05<\/td>\r\n<td style=\"height: 19px; border-style: groove; width: 68.7191%;\">Discussion \/ Q&amp;A sur le sujet \"\u00c9l\u00e9ments du Futur\"<\/td>\r\n<\/tr>\r\n<tr style=\"height: 19px;\">\r\n<td style=\"vertical-align: middle; height: 19px; border-style: groove; width: 15.973%;\">18.05 - 18.15<\/td>\r\n<td style=\"height: 19px; border-style: groove; width: 68.7191%;\">Entracte<\/td>\r\n<\/tr>\r\n<tr style=\"height: 276px;\">\r\n<td style=\"vertical-align: middle; background-color: #c1d0e3; height: 10px; border-style: groove; width: 15.973%;\">18.15 - 18.45<\/td>\r\n<td style=\"background-color: #c1d0e3; height: 10px; border-style: groove; width: 68.7191%;\">\r\n<p>S\u00c9ANCE DE D\u00c9BATS 2 - \"\u00c9l\u00e9ments du Futur\"<br \/><br \/>Introductions par Wendy Gers (Afrique du Sud) PhD, Membre du Conseil de l'AIC, Repr\u00e9sentante pour l'Australie, la Nouvelle Z\u00e9lande et l'Afrique du Sud<\/p>\r\n<p><span style=\"text-decoration: underline;\">Intangible Heritage<br \/><\/span>Monika Gass, Artiste et conservatrice (Allemagne)<br \/><br \/><span style=\"text-decoration: underline;\">Holocene Park<\/span><br \/><span style=\"font-family: inherit;\">Paul March, Artiste (Suisse)<br \/><br \/><\/span><span style=\"text-decoration: underline;\">Geometric Translations<br \/><\/span>Antra Sinha, Artiste (Inde)<br \/><br \/><span style=\"font-family: inherit;\"><span style=\"text-decoration: underline;\">Living the Earth<br \/><\/span>Virginia Fr\u00f3is, Professeure adjoint de c\u00e9ramique et de sculpture, Oficinas do Convento (Portugal<span style=\"text-decoration: underline;\">)<br \/><\/span><\/span><\/p>\r\n<\/td>\r\n<\/tr>\r\n<tr style=\"height: 189px;\">\r\n<td style=\"vertical-align: middle; background-color: #e8cad8; height: 106px; border-style: groove; width: 15.973%;\">18.45 - 19.20<\/td>\r\n<td style=\"background-color: #e8cad8; height: 106px; border-style: groove; width: 68.7191%;\">\r\n<p>\"Cr\u00e9ation et Bien-\u00eatre\"<\/p>\r\n<p>Introductions par Anniina Koivurova, D.A., Conservatrice, Mus\u00e9e d'art de Rovaniemi, Finlande<\/p>\r\n<p>KEYNOTE<\/p>\r\n<p><span style=\"text-decoration: underline;\">Ceramic Practice in Health Research \u2013 Making Public Art in a Hospital<\/span><br \/>Arild Berg, Professeur de recherche artistique en design de produits, Universit\u00e9 m\u00e9tropolitaine d'Oslo, Norv\u00e8ge<\/p>\r\n<\/td>\r\n<\/tr>\r\n<tr style=\"height: 145px;\">\r\n<td style=\"vertical-align: middle; background-color: #b6d4bf; height: 145px; border-style: groove; width: 15.973%;\">19.20 - 19.45<\/td>\r\n<td style=\"background-color: #b6d4bf; height: 145px; border-style: groove; width: 68.7191%;\">\r\n<p>\u00a0\"Cr\u00e9ation et Bien-\u00eatre\"<\/p>\r\n<p>CONF\u00c9RENCE<\/p>\r\n<p><span style=\"text-decoration: underline;\">Clarification through Clay: Visualising Meaning-Making<\/span><br \/>Dena Bagi, PhD\/Doctorante \u00e0 l'Universit\u00e9 de Sunderland, Royaume-Uni<\/p>\r\n<\/td>\r\n<\/tr>\r\n<tr style=\"height: 19px;\">\r\n<td style=\"vertical-align: middle; height: 19px; border-style: groove; width: 15.973%;\">19.45 - 19.55<\/td>\r\n<td style=\"height: 19px; border-style: groove; width: 68.7191%;\">Discussion \/ Q&amp;A sur le sujet \"Cr\u00e9ation et Bien-\u00eatre\"<\/td>\r\n<\/tr>\r\n<tr style=\"height: 19px;\">\r\n<td style=\"vertical-align: middle; background-color: #e3e3e3; height: 19px; border-style: groove; width: 15.973%;\">19.55 - 20.00<\/td>\r\n<td style=\"background-color: #e3e3e3; height: 19px; border-style: groove; width: 68.7191%;\">Discours de cl\u00f4ture par Torbj\u00f8rn Kvasb\u00f8, Pr\u00e9sident du Conseil de l'AIC (Norv\u00e8ge)<\/td>\r\n<\/tr>\r\n<tr style=\"height: 19px;\">\r\n<td style=\"vertical-align: middle; height: 753px; border-style: groove; width: 13.1448%;\" rowspan=\"17\">23\/09<br \/>(jeu)<\/td>\r\n<td style=\"vertical-align: middle; height: 19px; background-color: #e3e3e3; border-style: groove; width: 15.973%;\">13.00 - 13.05<\/td>\r\n<td style=\"height: 19px; background-color: #e3e3e3; border-style: groove; width: 68.7191%;\">Bienvenue<\/td>\r\n<\/tr>\r\n<tr style=\"height: 19px;\">\r\n<td style=\"vertical-align: middle; height: 19px; background-color: #e3e3e3; border-style: groove; width: 15.973%;\">13.05 - 13.15<\/td>\r\n<td style=\"height: 19px; background-color: #e3e3e3; border-style: groove; width: 68.7191%;\">Discours d'ouverture par Reijo Lantto, PDG, Arctic Ceramic Centre, Finlande<\/td>\r\n<\/tr>\r\n<tr style=\"height: 190px;\">\r\n<td style=\"vertical-align: middle; height: 190px; background-color: #c1d0e3; border-style: groove; width: 15.973%;\">13.15 - 13.45<\/td>\r\n<td style=\"height: 190px; background-color: #c1d0e3; border-style: groove; width: 68.7191%;\">\r\n<p>S\u00c9ANCE DE D\u00c9BATS 3 - \"Cr\u00e9ation et Bien-\u00eatre\"<br \/><br \/>Introductions par Hyeyoung Cho (R\u00e9publique de Cor\u00e9e), Membre du Conseil de l'AIC, Repr\u00e9sentante pour la Cor\u00e9e du Sud<\/p>\r\n<p><span style=\"text-decoration: underline;\">Pandemic Pills<\/span><br \/>Madhvi Subrahmanian, Artiste (Singapour)<br \/><br \/><span style=\"text-decoration: underline;\">Environmental Degradation and Redemption: Healing through Making<br \/><\/span>Holly Hanessian, Artiste et \u00e9ducatrice (\u00c9tats-Unis)<br \/><br \/><span style=\"text-decoration: underline;\">Naos - Self Temples<br \/><\/span>Estefania Valls, Artiste (Guatemala)<br \/><br \/><span style=\"text-decoration: underline;\">Medalta \/ Reclaiming Making &amp; Wellbeing<\/span><br \/>Trudy Golley, Artiste et \u00e9ducatrice (Canada)<\/p>\r\n<\/td>\r\n<\/tr>\r\n<tr style=\"height: 19px;\">\r\n<td style=\"vertical-align: middle; height: 19px; border-style: groove; width: 15.973%;\">13.45 - 13.55<\/td>\r\n<td style=\"height: 19px; border-style: groove; width: 68.7191%;\">Entracte<\/td>\r\n<\/tr>\r\n<tr style=\"height: 19px;\">\r\n<td style=\"vertical-align: middle; height: 19px; background-color: #e8cad8; border-style: groove; width: 15.973%;\">13.55 - 14.30<\/td>\r\n<td style=\"height: 19px; background-color: #e8cad8; border-style: groove; width: 68.7191%;\">\r\n<p>\"Localit\u00e9 et Mat\u00e9rialit\u00e9\"<\/p>\r\n<p>Introductions par Caroline Slotte, Professeure d'art c\u00e9ramique \u00e0 l'\u00c9cole nationale des Arts d'Oslo, Norv\u00e8ge<\/p>\r\n<p>KEYNOTE<\/p>\r\n<p><span style=\"text-decoration: underline;\">Soil as a Material Mediator: Combining Environmental Research with Ceramic Practice<\/span><br \/>Riikka Latva-Somppi, Conservatrice et artiste-chercheuse \u00e0 l'Universit\u00e9 d'Aalto, Finlande<\/p>\r\n<\/td>\r\n<\/tr>\r\n<tr style=\"height: 19px;\">\r\n<td style=\"vertical-align: middle; height: 19px; background-color: #b6d4bf; border-style: groove; width: 15.973%;\">14.30 - 15.20<\/td>\r\n<td style=\"height: 19px; background-color: #b6d4bf; border-style: groove; width: 68.7191%;\">\r\n<p>\"Localit\u00e9 et Mat\u00e9rialit\u00e9\"<\/p>\r\n<p>CONF\u00c9RENCES<\/p>\r\n<p><span style=\"text-decoration: underline;\">Fairy Tales and Decadence \u2013 Recent Developments in Figurative Ceramic Sculpture in the Nordic Region<\/span><br \/>Love J\u00f6nsson, Directeur du Mus\u00e9e du Design Rian, Falkenberg, Su\u00e8de<\/p>\r\n<p><span style=\"text-decoration: underline;\">What Is It All For?<\/span><br \/>Priska Falin, Artiste-chercheuse \u00e0 l'Universit\u00e9 d'Aalto, Finlande<br \/><br \/>Helen Felcey, Artiste, \u00e9ducatrice et conservatrice \u00e0 l'Universit\u00e9 Liverpool Hope \/ Biennale de la c\u00e9ramique britannique, Royaume-Uni<\/p>\r\n<\/td>\r\n<\/tr>\r\n<tr style=\"height: 19px;\">\r\n<td style=\"vertical-align: middle; height: 19px; border-style: groove; width: 15.973%;\">15.20 - 15.30<\/td>\r\n<td style=\"height: 19px; border-style: groove; width: 68.7191%;\">Discussion \/ Q&amp;A sur le sujet \"Localit\u00e9 et Mat\u00e9rialit\u00e9\"<\/td>\r\n<\/tr>\r\n<tr style=\"height: 19px;\">\r\n<td style=\"vertical-align: middle; height: 19px; border-style: groove; width: 15.973%;\">15.30 - 15.45<\/td>\r\n<td style=\"height: 19px; border-style: groove; width: 68.7191%;\">Entracte<\/td>\r\n<\/tr>\r\n<tr style=\"height: 19px;\">\r\n<td style=\"vertical-align: middle; height: 19px; background-color: #c1d0e3; border-style: groove; width: 15.973%;\">15.45 - 16.15<\/td>\r\n<td style=\"height: 19px; background-color: #c1d0e3; border-style: groove; width: 68.7191%;\">\r\n<p>S\u00c9ANCE DE D\u00c9BATS 4 - \"Localit\u00e9 et Mat\u00e9rialit\u00e9\"<br \/><br \/>Introductions par David Jones (Royaume-Uni) PhD, Membre du Conseil de l'AIC, Repr\u00e9sentant pour le Royaume-Uni, l'Irlande et le pays du Benelux<\/p>\r\n<p><span style=\"text-decoration: underline;\">The Wild Clay<br \/><\/span>Takuro Shibata, Artiste (\u00c9tats-Unis)<br \/><br \/><span style=\"font-family: inherit;\"><span style=\"text-decoration: underline;\">Hualien Paradise - Disappearing Culture of the Amis Earthenware Tradition in Taiwan\u00a0<br \/><\/span>Wen-Hsi Harman, Artiste (Taipei Chinois)<br \/><br \/><\/span><span style=\"font-family: inherit;\"><span style=\"text-decoration: underline;\">Manifesto for Clay<br \/><\/span>Julia Schuster, Artiste (Autriche)<br \/><br \/><\/span><span style=\"font-family: inherit;\"><span style=\"text-decoration: underline;\">Marking Time<br \/><\/span>Julie Bartholomew, Artiste et \u00e9ducatrice (Australie)<br \/><\/span><\/p>\r\n<\/td>\r\n<\/tr>\r\n<tr style=\"height: 19px;\">\r\n<td style=\"vertical-align: middle; height: 19px; border-style: groove; width: 15.973%;\">16.15 - 17.00<\/td>\r\n<td style=\"height: 19px; border-style: groove; width: 68.7191%;\">Entracte<\/td>\r\n<\/tr>\r\n<tr style=\"height: 19px;\">\r\n<td style=\"vertical-align: middle; height: 19px; background-color: #e8cad8; border-style: groove; width: 15.973%;\">17.00 - 17.35<\/td>\r\n<td style=\"height: 19px; background-color: #e8cad8; border-style: groove; width: 68.7191%;\">\r\n<p>\"R\u00e9alit\u00e9 sociale et politique\"<\/p>\r\n<p>Introductions par Lars Sture, Conservateur et artiste d'artisanat norv\u00e9gien, Norv\u00e8ge<\/p>\r\n<p>KEYNOTE<\/p>\r\n<p><span style=\"text-decoration: underline;\">Beyond Preservation: Re-Evaluating Intangible Cultural Heritage in the UK Ceramic Industry<\/span><br \/>Neil J. Brownsword, Artiste et professeur \u00e0 l'Universit\u00e9 de Staffordshire, Royaume-Uni<\/p>\r\n<\/td>\r\n<\/tr>\r\n<tr style=\"height: 106px;\">\r\n<td style=\"vertical-align: middle; background-color: #b6d4bf; height: 106px; border-style: groove; width: 15.973%;\">17.35 - 18.25<\/td>\r\n<td style=\"background-color: #b6d4bf; height: 106px; border-style: groove; width: 68.7191%;\">\r\n<p>\"R\u00e9alit\u00e9 sociale et politique\"<\/p>\r\n<p>CONF\u00c9RENCES<\/p>\r\n<p><span style=\"text-decoration: underline;\">Solace in Clay<\/span><br \/>Ahmed Umar, Artiste visuel, Soudan\/Norv\u00e8ge<\/p>\r\n<p><span style=\"text-decoration: underline;\">Female Iranian Ceramists: From the Beginning of Modernism to the Present Day<\/span><br \/>Kianoosh Motaghedi, C\u00e9ramiste et chercheur ind\u00e9pendant en C\u00e9ramique islamique, Iran<\/p>\r\n<\/td>\r\n<\/tr>\r\n<tr style=\"height: 19px;\">\r\n<td style=\"vertical-align: middle; height: 19px; border-style: groove; width: 15.973%;\">18.25 - 18.35<\/td>\r\n<td style=\"height: 19px; border-style: groove; width: 68.7191%;\">Discussion \/ Q&amp;A sur le sujet \"R\u00e9alit\u00e9 sociale et politique\"<\/td>\r\n<\/tr>\r\n<tr>\r\n<td style=\"vertical-align: middle; border-style: groove; width: 15.973%; background-color: #ffffff;\">18.35 - 18.45<\/td>\r\n<td style=\"border-style: groove; width: 68.7191%; background-color: #ffffff;\">Entracte<\/td>\r\n<\/tr>\r\n<tr style=\"height: 256px;\">\r\n<td style=\"vertical-align: middle; background-color: #c1d0e3; height: 188px; border-style: groove; width: 15.973%;\">18.45 - 19.15<\/td>\r\n<td style=\"background-color: #c1d0e3; height: 188px; border-style: groove; width: 68.7191%;\">\r\n<p>S\u00c9ANCE DE D\u00c9BATS 5 - \"R\u00e9alit\u00e9 sociale et politique\"<\/p>\r\n<p>Introductions par Judith Schwartz (\u00c9tats-Unis) PhD, Professeure \u00e9m\u00e9rite \u00e0 l'Universit\u00e9 de New York \/ Vice-pr\u00e9sidente du Conseil de l'AIC et repr\u00e9sentante pour les USA et le Canada<\/p>\r\n<p><span style=\"text-decoration: underline;\">Canada C3: A Crucible<br \/><\/span>Paula Murray, Artiste (Canada)<br \/><span style=\"font-family: inherit;\"><br \/><span style=\"text-decoration: underline;\">The Power of Ceramics to Express the Tragedy of Forced Migration<br \/><\/span>Patty Wouters, Artiste (Belgique)<br \/><br \/><\/span><span style=\"font-family: inherit;\"><span style=\"text-decoration: underline;\">Without Borders - 9 Hungarian Artists<br \/><\/span>Judit Varga, Artiste et \u00e9ducatrice (Hongrie)<br \/><br \/><\/span><span style=\"text-decoration: underline;\">It All Started with an Apple<br \/><\/span>Beril Anilanmert, Artiste et \u00e9ducatrice (Turquie)<\/p>\r\n<\/td>\r\n<\/tr>\r\n<tr style=\"height: 31px;\">\r\n<td style=\"vertical-align: middle; background-color: #e3e3e3; height: 31px; border-style: groove; width: 15.973%;\">19.15 - 19.30<\/td>\r\n<td style=\"background-color: #e3e3e3; height: 31px; border-style: groove; width: 68.7191%;\">\r\n<p>Discours de cl\u00f4ture par Reijo Lantto, PDG, Arctic Ceramic Centre, Finlande<\/p>\r\n<\/td>\r\n<\/tr>\r\n<tr style=\"height: 24px;\">\r\n<td style=\"vertical-align: middle; background-color: #e3e3e3; height: 10px; border-style: groove; width: 15.973%;\">19.30 - 19.45<\/td>\r\n<td style=\"background-color: #e3e3e3; height: 10px; border-style: groove; width: 68.7191%;\">\r\n<p>Remarques de cl\u00f4ture par Torbj\u00f8rn Kvasb\u00f8, Pr\u00e9sident du Conseil de l'AIC (Norv\u00e8ge)<\/p>\r\n<\/td>\r\n<\/tr>\r\n<tr style=\"height: 38px;\">\r\n<td style=\"vertical-align: middle; border-style: groove; width: 13.1448%; background-color: #ffffff; height: 38px;\">24\/09<br \/>(ven)<\/td>\r\n<td style=\"vertical-align: middle; border-style: groove; width: 15.973%; background-color: #ffffff; height: 38px;\">14.00 - 17.00<\/td>\r\n<td style=\"border-style: groove; width: 68.7191%; background-color: #ffffff; height: 38px;\">Assembl\u00e9e G\u00e9n\u00e9rale <br \/>(ouverte uniquement aux membres de l'AIC - gratuit mais inscription obligatoire)<\/td>\r\n<\/tr>\r\n<tr style=\"height: 17px;\">\r\n<td style=\"vertical-align: middle; border-style: groove; width: 97.8369%; height: 17px; background-color: #ffffff;\" colspan=\"3\">\u00a0<\/td>\r\n<\/tr>\r\n<tr style=\"height: 19px;\">\r\n<td style=\"border-style: groove; width: 97.8369%; height: 19px; background-color: #e3e3e3; vertical-align: middle;\" colspan=\"3\">Discours d'ouverture \/ de cl\u00f4ture<\/td>\r\n<\/tr>\r\n<tr style=\"height: 19px;\">\r\n<td style=\"border-style: groove; height: 19px; background-color: #e8cad8; vertical-align: middle; width: 97.8369%;\" colspan=\"3\">Pr\u00e9sentations Keynote<\/td>\r\n<\/tr>\r\n<tr style=\"height: 19px;\">\r\n<td style=\"border-style: groove; background-color: #b6d4bf; vertical-align: middle; width: 97.8369%; height: 19px;\" colspan=\"3\">Conf\u00e9rences<\/td>\r\n<\/tr>\r\n<tr style=\"height: 19px;\">\r\n<td style=\"border-style: groove; width: 97.8369%; background-color: #c1d0e3; vertical-align: middle; height: 19px;\" colspan=\"3\">S\u00e9ances de d\u00e9bats<\/td>\r\n<\/tr>\r\n<\/tbody>\r\n<\/table>\r\n<p>&nbsp;<\/p>\r\n<hr \/>\r\n<table style=\"height: 428px;\">\r\n<tbody>\r\n<tr style=\"height: 64px;\">\r\n<td style=\"width: 610px; height: 64px;\" colspan=\"2\">\r\n<h3>INFORMATION COMPL\u00c8MENTAIRE SUR LE PROGRAMME<\/h3>\r\n<\/td>\r\n<\/tr>\r\n<tr style=\"height: 387px;\">\r\n<td style=\"height: 364px; width: 610px;\" colspan=\"2\">\r\n[caption id=\"attachment_52\" align=\"alignnone\" width=\"1920\"]<img class=\"wp-image-52 size-full\" src=\"https:\/\/rovaniemi-posio2020.aic-iac.org\/wp-content\/uploads\/sites\/4\/2019\/09\/Korundi-hall.jpg\" alt=\"\" width=\"1920\" height=\"1080\" \/> L'auditorium de la Maison de la Culture Korundi[\/caption]\r\n<\/td>\r\n<\/tr>\r\n<\/tbody>\r\n<\/table>\r\n<table style=\"height: 10px;\" width=\"612\">\r\n<tbody>\r\n<tr style=\"height: 10px;\">\r\n<td style=\"height: 10px; width: 302px;\">\r\n<p><span style=\"text-decoration: underline;\">Programme des conf\u00e9rences<br \/><\/span>Le programme comprendra des conf\u00e9rences et des sessions de d\u00e9bats sur le th\u00e8me central propos\u00e9 : \u00ab On the Edge \u00bb. Autour de ces discussions, des expositions \u00e0 visiter en ligne sont disponibles sur la plateforme du congr\u00e8s en tout temps.\u00a0<br \/>\u00a0<br \/>\u00ab\u00a0On the Edge\u00a0\u00bb est un th\u00e8me particuli\u00e8rement pertinent en Finlande et en Laponie. La Finlande se situe \u00e0 la fronti\u00e8re de l'Europe, tant g\u00e9ographiquement que culturellement, et la Laponie fait partie de la r\u00e9gion mystique de l'Arctique, ou un Ultima Thule si vous voulez; la fronti\u00e8re du monde connu.<\/p>\r\n<p>&nbsp;<\/p>\r\n<\/td>\r\n<td style=\"height: 10px; width: 302px;\">\r\n<p>\u00ab\u00a0On the Edge\u00a0\u00bb est un th\u00e8me qui encourage les discussions sur les courants dominants et les limites de la c\u00e9ramique et de son art, tant au niveau de sa nature que de son positionnement parmi toutes les formes d'art. \u00ab On the Edge\u00a0\u00bb sera \u00e9galement interpr\u00e9t\u00e9 comme une ligne de temps, un continuum entre pass\u00e9, pr\u00e9sent et futur.<\/p>\r\n<p><span style=\"text-decoration: underline;\">Breakout Session<br \/><\/span>Cet \u00e9v\u00e8nement, ouvert au public, est une sc\u00e8ne de promotion pour les membres de l\u2019AIC. Elle est destin\u00e9e \u00e0 l'annonce d\u2019activit\u00e9s culturelles (programmes, recherches, exp\u00e9rience artistique, etc.), et ceci, dans un format de cinq minutes par intervention.<\/p>\r\n<\/td>\r\n<\/tr>\r\n<\/tbody>\r\n<\/table>"},"excerpt":{"rendered":"<p>Le programme du 49\u00e8me Congr\u00e8s AIC &#8211; On the Edge<\/p>\n","protected":false,"raw":"Le programme du 49\u00e8me Congr\u00e8s AIC - On the Edge"},"author":4,"featured_media":51,"parent":0,"menu_order":0,"comment_status":"closed","ping_status":"closed","template":"","meta":{"_en_post_content":"<table>\r\n<tbody>\r\n<tr>\r\n<td>\r\n[caption id=\"attachment_51\" align=\"alignnone\" width=\"1641\"]<img class=\"wp-image-51 size-full\" src=\"https:\/\/rovaniemi-posio2020.aic-iac.org\/wp-content\/uploads\/sites\/4\/2019\/09\/arktikum-midnight-sun-rovaniemi-e1581075116214.jpg\" alt=\"\" width=\"1641\" height=\"1070\" \/> View of the midnight sun from ARKTIKUM Museum and Science Center[\/caption]\r\n<\/td>\r\n<\/tr>\r\n<\/tbody>\r\n<\/table>\r\n<table style=\"height: 97px; width: 100%;\" cellspacing=\"1\">\r\n<tbody>\r\n<tr style=\"height: 97px;\">\r\n<td style=\"width: 1.6129032258064515%; height: 97px; background-color: #ffcf9e;\" colspan=\"3\">\r\n<h3>\u00a0<\/h3>\r\n<h3>THE 49th IAC CONGRESS &amp; GENERAL ASSEMBLY - On the Edge<\/h3>\r\n<\/td>\r\n<\/tr>\r\n<\/tbody>\r\n<\/table>\r\n<table style=\"width: 100%; height: 405px;\">\r\n<tbody>\r\n<tr style=\"height: 117px;\">\r\n<td style=\"width: 49.3548%; background-color: #ffcf9e; height: 117px;\">\r\n<h3>IAC 2021 Congress<\/h3>\r\n<p>Online 22-23 September 2021<br \/>From 1PM to 8 PM (UTC+3, local time in Rovaniemi)<\/p>\r\n<p><strong>NOTE: All congress material is available for 1 week following the Congress (to registered attendees only).<\/strong><\/p>\r\n<\/td>\r\n<td style=\"width: 49.3548%; background-color: #ffcf9e; height: 117px;\">\r\n<h3>IAC General Assembly<\/h3>\r\nOnline 24 September 2021<br \/>For IAC members only (free, registration required)<\/td>\r\n<\/tr>\r\n<tr style=\"height: 36px;\">\r\n<td style=\"width: 49.3548%; background-color: #ffcf9e; height: 36px;\"><hr \/><\/td>\r\n<td style=\"width: 49.3548%; background-color: #ffcf9e; height: 36px;\">\r\n<h3>\u00a0<\/h3>\r\n<\/td>\r\n<\/tr>\r\n<tr style=\"height: 252px;\">\r\n<td style=\"width: 49.3548%; background-color: #ffcf9e; height: 252px;\">\r\n<p><strong>Reminder<\/strong>: The 49th Congress and General Assembly of the International Academy of Ceramics will be held online in September 2021.<\/p>\r\n<p>Everyone who has registered for the conference has received an email from <em>LIVETO.io<\/em>. Follow the instructions in the email and register yourself for the LIVETO online congress platform. <span style=\"text-decoration: underline;\">If you did not get the email, please check your junk mail<\/span>.<\/p>\r\n<h3>\u00a0<\/h3>\r\n<\/td>\r\n<td style=\"width: 49.3548%; background-color: #ffcf9e; height: 252px;\">\r\n<p>If you are encountering difficulties with signing in, please contact (in English) <a href=\"mailto:asiakaspalvelu@liveto.fi\">asiakaspalvelu@liveto.fi<\/a>.<\/p>\r\n<p>If you have any other questions, please contact (in English)\u00a0<a href=\"mailto:congress@ulapland.fi\">congress@ulapland.fi<\/a>.<\/p>\r\n<h3>\u00a0<\/h3>\r\n<\/td>\r\n<\/tr>\r\n<\/tbody>\r\n<\/table>\r\n<table>\r\n<tbody>\r\n<tr>\r\n<td colspan=\"2\">\r\n<p><span style=\"color: #999999;\">* Please note that the information on this page is subject to modifications.<\/span><\/p>\r\n<h3><span style=\"text-decoration: underline;\">Wednesday 22 September 2021<\/span><\/h3>\r\n<\/td>\r\n<\/tr>\r\n<tr>\r\n<td>\r\n<p>The 49th Congress will kick off on Wednesday 22 September 2021 from the comfort of your own home.<\/p>\r\n<p>The conference is opened by the President of the IAC, Torbj\u00f8rn Kvasb\u00f8, followed by the first keynote speaker on this year's theme \"On the Edge\", Aalto University professor Tapio Yli-Viikari. Wednesday's lecture on the theme is given by Nathalie Lautenbacher of Aalto University.<\/p>\r\n<p>The keynote and two lectures on the topic \u201cSignals from the Future\u201d are respectively led by Adam Chau from the School of the Art Institute of Chicago, Michal Puszczynski from the Academy of Art and Design in Poland and Barbara Schmidt from the Wei\u00dfensee School of Art and Design in Germany.<\/p>\r\n<\/td>\r\n<td>\r\n<p>The third keynote speaker on Wednesday on the topic \"Making and Wellbeing\" is Professor Arild Berg from the Oslo Metropolitan University. This is followed by a lecture on the same topic by Dena Bagi from the University of Sunderland.<\/p>\r\n<p>Breakout Sessions will again be part of this year\u2019s Congress. On Wednesday, the first Breakout Session on the theme \u201cOn the Edge\u201d will be moderated by Judith Schwartz, Vice President of the IAC Council, and the second session on \u201cSignals from the Future\u201d will be moderated by Wendy Gers, IAC Council Member.<\/p>\r\n<p>Closing remarks by Torbj\u00f8rn Kvasb\u00f8, IAC President, will bring an end to the first day of this virtual Congress.<\/p>\r\n<\/td>\r\n<\/tr>\r\n<\/tbody>\r\n<\/table>\r\n<table style=\"width: 100%; height: 576px;\">\r\n<tbody>\r\n<tr style=\"height: 36px;\">\r\n<td style=\"width: 98.7097%; height: 36px;\" colspan=\"2\">\r\n<h3><span style=\"text-decoration: underline;\">Thursday 23 September 2021<\/span><\/h3>\r\n<\/td>\r\n<\/tr>\r\n<tr style=\"height: 325px;\">\r\n<td style=\"width: 49.3548%; height: 325px;\">\r\n<p>The second day of the Congress, Thursday 23 September 2021, is opened by Reijo Lantto from the Arctic Ceramic Center.<\/p>\r\n<p>The first keynote speaker on Thursday on the topic \u201cLocality and Materiality\u201d is Riikka Latva-Somppi from Aalto University, followed by a lecture by Love J\u00f6nsson, Director of the Rian Design Museum and a lecture by Priska Falin from Aalto University and Helen Felcey from Liverpool Hope University.<\/p>\r\n<p>\u201cSocial and Political Reality\u201d is discussed by keynote speaker Neil J. Brownsword from Staffordshire University and in lectures by Ahmed Umar and Kianoosh Motaghedi.<\/p>\r\n<\/td>\r\n<td style=\"width: 49.3548%; height: 325px;\">\r\n<p>The third Breakout Session (first of Thursday\u2019s sessions) on the topic \u201cMaking and Wellbeing\u201d is moderated by Hyeyoung Cho, IAC Council Member, the fourth session on \"Locality and Materiality\" by David Jones, IAC Council Member, and the fifth Session on \u201cSocial and Political Reality\u201d by Judith Schwartz, IAC Vice President.<\/p>\r\n<p>Reijo Lantto, CEO of the Arctic Ceramic Center, and Torbj\u00f8rn Kvasb\u00f8, IAC President, will close the 49th IAC Congress.<\/p>\r\n<p>&nbsp;<\/p>\r\n<\/td>\r\n<\/tr>\r\n<tr style=\"height: 36px;\">\r\n<td style=\"width: 98.7097%; height: 36px;\" colspan=\"2\">\r\n<h3><span style=\"text-decoration: underline;\">Friday 24 September 2021<\/span><\/h3>\r\n<\/td>\r\n<\/tr>\r\n<tr style=\"height: 145px;\">\r\n<td style=\"width: 49.3548%; height: 145px;\">\r\n<p>The General Assembly takes place on Friday 24 September 2021 and is open to IAC Members only. It is free, but registration is required.<\/p>\r\n<p>The agenda of the GA will be sent to members before the event.<\/p>\r\n<\/td>\r\n<td style=\"width: 49.3548%; height: 145px;\">\r\n<p>&nbsp;<\/p>\r\n<\/td>\r\n<\/tr>\r\n<tr style=\"height: 34px;\">\r\n<td style=\"height: 34px;\" colspan=\"2\"><hr \/><\/td>\r\n<\/tr>\r\n<tr>\r\n<td style=\"width: 98.7097%;\" colspan=\"2\"><em><a href=\"https:\/\/rovaniemi-posio2021.aic-iac.org\/wp-content\/uploads\/sites\/4\/2021\/09\/IAC-2021-conference-final-programme.pdf\">PDF of the conference programme<\/a><\/em><\/td>\r\n<\/tr>\r\n<\/tbody>\r\n<\/table>\r\n<table class=\"programme-3-col aligncenter\" style=\"width: 98.7097%; border-collapse: collapse; border-style: solid;\">\r\n<tbody>\r\n<tr style=\"height: 19px;\">\r\n<td style=\"background-color: #a6a6a6; border-style: solid; height: 19px; vertical-align: middle; width: 13.0719%;\">Date<\/td>\r\n<td style=\"vertical-align: middle; background-color: #a6a6a6; border-style: solid; height: 19px; width: 16.5033%;\">Time (UTC+3)<\/td>\r\n<td style=\"background-color: #a6a6a6; border-style: solid; height: 19px; width: 68.1373%;\">Programme schedule<\/td>\r\n<\/tr>\r\n<tr style=\"height: 19px;\">\r\n<td style=\"height: 789px; border-style: groove; vertical-align: middle; width: 13.0719%;\" rowspan=\"18\">\r\n<p>22\/09<br \/>(Wed)<\/p>\r\n<\/td>\r\n<td style=\"height: 19px; vertical-align: middle; background-color: #e3e3e3; border-style: groove; width: 16.5033%;\">13.00 - 13.10<\/td>\r\n<td style=\"height: 19px; background-color: #e3e3e3; border-style: groove; width: 68.1373%;\">Welcome<\/td>\r\n<\/tr>\r\n<tr style=\"height: 19px;\">\r\n<td style=\"height: 19px; vertical-align: middle; background-color: #e3e3e3; border-style: groove; width: 16.5033%;\">13.10 - 13.25<\/td>\r\n<td style=\"height: 19px; background-color: #e3e3e3; border-style: groove; width: 68.1373%;\">Opening of the conference by Torbj\u00f8rn Kvasb\u00f8, President of IAC Council (Norway)<\/td>\r\n<\/tr>\r\n<tr style=\"height: 19px;\">\r\n<td style=\"height: 10px; vertical-align: middle; background-color: #e8cad8; border-style: groove; width: 16.5033%;\">13.25 - 14.00<\/td>\r\n<td style=\"height: 10px; background-color: #e8cad8; border-style: groove; width: 68.1373%;\">\r\n<p>\"On the Edge\"<\/p>\r\n<p>Introductions by Judith Schwartz (United States) PhD, Professor Emeritus, New York University \/ Vice President of IAC Council and Representative for the United States and Canada<\/p>\r\n<p>KEYNOTE<\/p>\r\n<p><span style=\"text-decoration: underline;\">Approach to Northern Ceramics; Arabia - Pentik<\/span><br \/>Tapio Yli-Viikari, Professor Emeritus, Aalto University, Finland<\/p>\r\n<\/td>\r\n<\/tr>\r\n<tr style=\"height: 19px;\">\r\n<td style=\"height: 19px; vertical-align: middle; border-style: groove; width: 16.5033%;\">14.00 - 14.10<\/td>\r\n<td style=\"height: 19px; border-style: groove; width: 68.1373%;\">Intermission<span style=\"text-decoration: underline;\"><br \/><\/span><\/td>\r\n<\/tr>\r\n<tr style=\"height: 19px;\">\r\n<td style=\"height: 19px; background-color: #b6d4bf; border-style: groove; vertical-align: middle; width: 16.5033%;\">\r\n<p>14.10 - 15.05<\/p>\r\n<p>&nbsp;<\/p>\r\n<\/td>\r\n<td style=\"height: 19px; background-color: #b6d4bf; border-style: groove; width: 68.1373%;\">\r\n<p>\"On the Edge\"<\/p>\r\n<p>LECTURES<\/p>\r\n<p><span style=\"text-decoration: underline;\">Vaellus<\/span><br \/>Anu Pentik, Founder of Pentik, Finland<\/p>\r\n<p><span style=\"text-decoration: underline;\">Silent Journey<\/span><br \/>Suku Park, Artist and Art Director of the Arctic Ceramic Centre, Finland<\/p>\r\n<p><span style=\"text-decoration: underline;\">Remain Upright<\/span><br \/>Fr\u00e9d\u00e9ric Bodet, Curator and Vice President of the C-14 Paris Ceramics Fair, France<\/p>\r\n<p><span style=\"text-decoration: underline;\">On Solid Ground<\/span><br \/>Nathalie Lautenbacher, Lecturer in Design, Aalto University, Finland<\/p>\r\n<\/td>\r\n<\/tr>\r\n<tr style=\"height: 19px;\">\r\n<td style=\"height: 19px; vertical-align: middle; border-style: groove; width: 16.5033%;\">15.05 - 15.15<\/td>\r\n<td style=\"height: 19px; border-style: groove; width: 68.1373%;\">Intermission<\/td>\r\n<\/tr>\r\n<tr>\r\n<td style=\"vertical-align: middle; border-style: groove; width: 16.5033%;\">15.15 - 15.30<\/td>\r\n<td style=\"border-style: groove; width: 68.1373%;\">\u00a0Discussion \/ Q&amp;A on the theme \"On the Edge\"<\/td>\r\n<\/tr>\r\n<tr style=\"height: 19px;\">\r\n<td style=\"height: 10px; vertical-align: middle; background-color: #c1d0e3; border-style: groove; width: 16.5033%;\">15.30 - 15.50<\/td>\r\n<td style=\"height: 10px; background-color: #c1d0e3; border-style: groove; width: 68.1373%;\">\r\n<p>BREAKOUT SESSION 1 - \"On the Edge\"<br \/><br \/>Introductions by Judith Schwartz (United States) PhD, Professor Emeritus, New York University \/ Vice President of IAC Council and Representative for the United States and Canada<\/p>\r\n<p><span style=\"text-decoration: underline;\">On the Edge<br \/><\/span>M\u00e1ret \u00c1nne Sara, Artist and Author (Norway)<br \/><br \/><span style=\"text-decoration: underline;\">Critical Dialogues<br \/><\/span>Elaine Henry, Artist, Writer and Curator (United States)<span style=\"text-decoration: underline;\"><br \/><br \/><\/span><span style=\"text-decoration: underline;\">Quartz Inversion: The Moment of Change<br \/><\/span>Adil Writer, Artist (India)<\/p>\r\n<\/td>\r\n<\/tr>\r\n<tr style=\"height: 19px;\">\r\n<td style=\"vertical-align: middle; height: 19px; border-style: groove; width: 16.5033%;\">15.50 - 16.30<\/td>\r\n<td style=\"height: 19px; border-style: groove; width: 68.1373%;\">Intermission<\/td>\r\n<\/tr>\r\n<tr style=\"height: 150px;\">\r\n<td style=\"vertical-align: middle; background-color: #e8cad8; height: 110px; border-style: groove; width: 16.5033%;\">16.30 - 17.05<\/td>\r\n<td style=\"background-color: #e8cad8; height: 110px; border-style: groove; width: 68.1373%;\">\r\n<p>\"Signals from the Future\"<\/p>\r\n<p>Introductions by Pauliina P\u00f6ll\u00e4nen, MA Visual Art, PhD Candidate and Artist, Norway<\/p>\r\n<p>KEYNOTE<\/p>\r\n<p><span style=\"text-decoration: underline;\">Undustrial Design<\/span><br \/>Adam Chau, Artist, School of the Art Institute of Chicago, United States<\/p>\r\n<\/td>\r\n<\/tr>\r\n<tr style=\"height: 189px;\">\r\n<td style=\"vertical-align: middle; background-color: #b6d4bf; height: 189px; border-style: groove; width: 16.5033%;\">17.05 - 17.55<\/td>\r\n<td style=\"background-color: #b6d4bf; height: 189px; border-style: groove; width: 68.1373%;\">\r\n<p>\"Signals from the Future\"<\/p>\r\n<p>LECTURES<\/p>\r\n<p><span style=\"text-decoration: underline;\">The Modern Approach to Wood-Fired Ceramics<\/span><br \/>Michal Puszczynski, PhD, Academy of Art and Design, Poland<\/p>\r\n<p><span style=\"text-decoration: underline;\">Thinking with Material \u2013 Ceramics in Design Processes <\/span><br \/>Barbara Schmidt, Professor for Experimental Design, Wei\u00dfensee School of Art and Design, Germany<\/p>\r\n<\/td>\r\n<\/tr>\r\n<tr style=\"height: 19px;\">\r\n<td style=\"vertical-align: middle; height: 19px; border-style: groove; width: 16.5033%;\">17.55 - 18.05<\/td>\r\n<td style=\"height: 19px; border-style: groove; width: 68.1373%;\">Discussion \/ Q&amp;A on the topic \"Signals from the Future\"<\/td>\r\n<\/tr>\r\n<tr style=\"height: 19px;\">\r\n<td style=\"vertical-align: middle; height: 19px; border-style: groove; width: 16.5033%;\">18.05 - 18.15<\/td>\r\n<td style=\"height: 19px; border-style: groove; width: 68.1373%;\">Intermission<\/td>\r\n<\/tr>\r\n<tr style=\"height: 276px;\">\r\n<td style=\"vertical-align: middle; background-color: #c1d0e3; height: 10px; border-style: groove; width: 16.5033%;\">18.15 - 18.45<\/td>\r\n<td style=\"background-color: #c1d0e3; height: 10px; border-style: groove; width: 68.1373%;\">\r\n<p>BREAKOUT SESSION 2 - \"Signals from the Future\"<br \/><br \/>Introductions by Wendy Gers (South Africa) PhD, IAC Council Member representative for Australia, New Zealand and South Africa<\/p>\r\n<p><span style=\"text-decoration: underline;\">Intangible Heritage<br \/><\/span>Monika Gass, Artist and Curator (Germany)<br \/><br \/><span style=\"font-family: inherit;\"><span style=\"text-decoration: underline;\">Holocene Park<\/span><br \/>Paul March, Artist (Switzerland)<br \/><br \/><\/span><span style=\"text-decoration: underline;\">Geometric Translations<br \/><\/span>Antra Sinha, Artist (India)<br \/><br \/><span style=\"font-family: inherit;\"><span style=\"text-decoration: underline;\">Living the Earth<br \/><\/span>Virginia Fr\u00f3is, Associate Professor of Ceramics and Sculpture, Oficinas do Convento (Portugal<span style=\"text-decoration: underline;\">)<br \/><\/span><\/span><\/p>\r\n<\/td>\r\n<\/tr>\r\n<tr style=\"height: 189px;\">\r\n<td style=\"vertical-align: middle; background-color: #e8cad8; height: 106px; border-style: groove; width: 16.5033%;\">18.45 - 19.20<\/td>\r\n<td style=\"background-color: #e8cad8; height: 106px; border-style: groove; width: 68.1373%;\">\r\n<p>\"Making and Wellbeing\"<\/p>\r\n<p>Introductions by Anniina Koivurova, D.A., Curator, Rovaniemi Art Museum, Finland<\/p>\r\n<p>KEYNOTE<\/p>\r\n<p><span style=\"text-decoration: underline;\">Ceramic Practice in Health Research \u2013 Making Public Art in a Hospital<\/span><br \/>Arild Berg, Professor of Artistic Research in Product Design, Oslo Metropolitan University, Norway<\/p>\r\n<\/td>\r\n<\/tr>\r\n<tr style=\"height: 145px;\">\r\n<td style=\"vertical-align: middle; background-color: #b6d4bf; height: 145px; border-style: groove; width: 16.5033%;\">19.20 - 19.45<\/td>\r\n<td style=\"background-color: #b6d4bf; height: 145px; border-style: groove; width: 68.1373%;\">\r\n<p>\"Making and Wellbeing\"<\/p>\r\n<p>LECTURE<\/p>\r\n<p><span style=\"text-decoration: underline;\">Clarification through Clay: Visualising Meaning-Making<\/span><br \/>Dena Bagi, PhD\/Doctoral candidate, University of Sunderland, United Kingdom<\/p>\r\n<\/td>\r\n<\/tr>\r\n<tr style=\"height: 19px;\">\r\n<td style=\"vertical-align: middle; height: 19px; border-style: groove; width: 16.5033%;\">19.45 - 19.55<\/td>\r\n<td style=\"height: 19px; border-style: groove; width: 68.1373%;\">Discussion \/ Q&amp;A on the topic \"Making and Wellbeing\"<\/td>\r\n<\/tr>\r\n<tr style=\"height: 19px;\">\r\n<td style=\"vertical-align: middle; background-color: #e3e3e3; height: 19px; border-style: groove; width: 16.5033%;\">19.55 - 20.00<\/td>\r\n<td style=\"background-color: #e3e3e3; height: 19px; border-style: groove; width: 68.1373%;\">Closing speech by Torbj\u00f8rn Kvasb\u00f8, President of IAC Council (Norway)<\/td>\r\n<\/tr>\r\n<tr style=\"height: 19px;\">\r\n<td style=\"vertical-align: middle; height: 753px; border-style: groove; width: 13.0719%;\" rowspan=\"17\">23\/09<br \/>(Thurs)<\/td>\r\n<td style=\"vertical-align: middle; height: 19px; background-color: #e3e3e3; border-style: groove; width: 16.5033%;\">13.00 - 13.05<\/td>\r\n<td style=\"height: 19px; background-color: #e3e3e3; border-style: groove; width: 68.1373%;\">Welcome<\/td>\r\n<\/tr>\r\n<tr style=\"height: 19px;\">\r\n<td style=\"vertical-align: middle; height: 19px; background-color: #e3e3e3; border-style: groove; width: 16.5033%;\">13.05 - 13.15<\/td>\r\n<td style=\"height: 19px; background-color: #e3e3e3; border-style: groove; width: 68.1373%;\">Opening speech by Reijo Lantto, CEO, Arctic Ceramic Centre, Finland<\/td>\r\n<\/tr>\r\n<tr style=\"height: 190px;\">\r\n<td style=\"vertical-align: middle; height: 190px; background-color: #c1d0e3; border-style: groove; width: 16.5033%;\">13.15 - 13.45<\/td>\r\n<td style=\"height: 190px; background-color: #c1d0e3; border-style: groove; width: 68.1373%;\">\r\n<p>BREAKOUT SESSION 3 - \"Making and Wellbeing\"<br \/><br \/>Introductions by Hyeyoung Cho (Republic of Korea), IAC Council Member representative for South Korea<\/p>\r\n<p><span style=\"text-decoration: underline;\">Pandemic Pills<br \/><\/span>Madhvi Subrahmanian, Artist (Singapore)<\/p>\r\n<p><span style=\"text-decoration: underline;\">Environmental Degradation and Redemption: Healing through Making<br \/><\/span>Holly Hanessian, Artist and Educator\u00a0 (United States)<br \/><br \/><span style=\"text-decoration: underline;\">Naos - Self Temples<br \/><\/span>Estefania Valls, Artist (Guatemala)<br \/><br \/><span style=\"text-decoration: underline;\">Medalta \/ Reclaiming Making &amp; Wellbeing<br \/><\/span>Trudy Golley, Artist and Educator (Canada)<\/p>\r\n<\/td>\r\n<\/tr>\r\n<tr style=\"height: 19px;\">\r\n<td style=\"vertical-align: middle; height: 19px; border-style: groove; width: 16.5033%;\">13.45 - 13.55<\/td>\r\n<td style=\"height: 19px; border-style: groove; width: 68.1373%;\">Intermission<\/td>\r\n<\/tr>\r\n<tr style=\"height: 19px;\">\r\n<td style=\"vertical-align: middle; height: 19px; background-color: #e8cad8; border-style: groove; width: 16.5033%;\">13.55 - 14.30<\/td>\r\n<td style=\"height: 19px; background-color: #e8cad8; border-style: groove; width: 68.1373%;\">\r\n<p>\"Locality and Materiality\"<\/p>\r\n<p>Introductions by Caroline Slotte, Professor of Ceramic Art, KHiO-Oslo National Academy of the Arts, Norway<\/p>\r\n<p>KEYNOTE<\/p>\r\n<p><span style=\"text-decoration: underline;\">Soil as a Material Mediator: Combining Environmental Research with Ceramic Practice<\/span><br \/>Riikka Latva-Somppi, Curator and Artist-Researcher, Aalto University, Finland<\/p>\r\n<\/td>\r\n<\/tr>\r\n<tr style=\"height: 19px;\">\r\n<td style=\"vertical-align: middle; height: 19px; background-color: #b6d4bf; border-style: groove; width: 16.5033%;\">14.30 - 15.20<\/td>\r\n<td style=\"height: 19px; background-color: #b6d4bf; border-style: groove; width: 68.1373%;\">\r\n<p>\"Locality and Materiality\"<\/p>\r\n<p>LECTURES<\/p>\r\n<p><span style=\"text-decoration: underline;\">Fairy Tales and Decadence \u2013 Recent Developments in Figurative Ceramic Sculpture in the Nordic Region<\/span><br \/>Love J\u00f6nsson, Director of Rian Design Museum, Falkenberg, Sweden<\/p>\r\n<p><span style=\"text-decoration: underline;\">What Is It All For?<\/span><br \/>Priska Falin, Artist-Researcher, Aalto University, Finland<br \/><br \/>Helen Felcey, Artist, Educator and Curator, Liverpool Hope University \/ British Ceramics Biennial, United Kingdom<\/p>\r\n<\/td>\r\n<\/tr>\r\n<tr style=\"height: 19px;\">\r\n<td style=\"vertical-align: middle; height: 19px; border-style: groove; width: 16.5033%;\">15.20 - 15.30<\/td>\r\n<td style=\"height: 19px; border-style: groove; width: 68.1373%;\">Discussion \/ Q&amp;A on the topic \"Locality and Materiality\"<\/td>\r\n<\/tr>\r\n<tr style=\"height: 19px;\">\r\n<td style=\"vertical-align: middle; height: 19px; border-style: groove; width: 16.5033%;\">15.30 - 15.45<\/td>\r\n<td style=\"height: 19px; border-style: groove; width: 68.1373%;\">Intermission<\/td>\r\n<\/tr>\r\n<tr style=\"height: 19px;\">\r\n<td style=\"vertical-align: middle; height: 19px; background-color: #c1d0e3; border-style: groove; width: 16.5033%;\">15.45 - 16.15<\/td>\r\n<td style=\"height: 19px; background-color: #c1d0e3; border-style: groove; width: 68.1373%;\">\r\n<p>BREAKOUT SESSION 4 - \"Locality and Materiality\"<br \/><br \/>Introductions by David Jones (United Kingdom) PhD, IAC Council Member representative for the United Kingdom, Ireland and the Benelux<\/p>\r\n<p><span style=\"text-decoration: underline;\">The Wild Clay<br \/><\/span>Takuro Shibata, Artist (United States)<br \/><br \/><span style=\"font-family: inherit;\"><span style=\"text-decoration: underline;\">Hualien Paradise - Disappearing Culture of the Amis Earthenware Tradition in Taiwan<br \/><\/span>Wen-Hsi Harman, Artist (Chinese Taipei)<br \/><br \/><\/span><span style=\"font-family: inherit;\"><span style=\"text-decoration: underline;\">Manifesto for Clay<br \/><\/span>Julia Schuster, Artist (Austria)<br \/><\/span><span style=\"font-family: inherit;\"><br \/><\/span><span style=\"font-family: inherit;\"><span style=\"text-decoration: underline;\">Marking Time<br \/><\/span>Julie Bartholomew, Artist and Educator (Australia)<br \/><\/span><\/p>\r\n<\/td>\r\n<\/tr>\r\n<tr style=\"height: 19px;\">\r\n<td style=\"vertical-align: middle; height: 19px; border-style: groove; width: 16.5033%;\">16.15 - 17.00<\/td>\r\n<td style=\"height: 19px; border-style: groove; width: 68.1373%;\">Intermission<\/td>\r\n<\/tr>\r\n<tr style=\"height: 19px;\">\r\n<td style=\"vertical-align: middle; height: 19px; background-color: #e8cad8; border-style: groove; width: 16.5033%;\">17.00 - 17.35<\/td>\r\n<td style=\"height: 19px; background-color: #e8cad8; border-style: groove; width: 68.1373%;\">\r\n<p>\"Social and Political Reality\"<\/p>\r\n<p>Introductions by Lars Sture, Curator, Artist, Norwegian Crafts, Norway<\/p>\r\n<p>KEYNOTE<\/p>\r\n<p><span style=\"text-decoration: underline;\">Beyond Preservation: Re-evaluating Intangible Cultural Heritage in the UK Ceramic Industry<\/span><br \/>Neil J. Brownsword, Artist and Professor, Staffordshire University, United Kingdom<\/p>\r\n<\/td>\r\n<\/tr>\r\n<tr style=\"height: 106px;\">\r\n<td style=\"vertical-align: middle; background-color: #b6d4bf; height: 106px; border-style: groove; width: 16.5033%;\">17.35 - 18.25<\/td>\r\n<td style=\"background-color: #b6d4bf; height: 106px; border-style: groove; width: 68.1373%;\">\r\n<p>\"Social and Political Reality\"<\/p>\r\n<p>LECTURES<\/p>\r\n<p><span style=\"text-decoration: underline;\">Solace in Clay<\/span><br \/>Ahmed Umar, Visual Artist, Sudan\/Norway<\/p>\r\n<p><span style=\"text-decoration: underline;\">Female Iranian Ceramists: From the Beginning of Modernism to the Present Day<\/span><br \/>Kianoosh Motaghedi, Ceramist and Independent Researcher in Islamic Ceramics, Iran<\/p>\r\n<\/td>\r\n<\/tr>\r\n<tr style=\"height: 19px;\">\r\n<td style=\"vertical-align: middle; height: 19px; border-style: groove; width: 16.5033%;\">18.25 - 18.35<\/td>\r\n<td style=\"height: 19px; border-style: groove; width: 68.1373%;\">Discussion \/ Q&amp;A on the topic \"Social and Political Reality\"<\/td>\r\n<\/tr>\r\n<tr>\r\n<td style=\"vertical-align: middle; border-style: groove; width: 16.5033%; background-color: #ffffff;\">18.35 - 18.45<\/td>\r\n<td style=\"border-style: groove; width: 68.1373%; background-color: #ffffff;\">Intermission<\/td>\r\n<\/tr>\r\n<tr style=\"height: 256px;\">\r\n<td style=\"vertical-align: middle; background-color: #c1d0e3; height: 188px; border-style: groove; width: 16.5033%;\">18.45 - 19.15<\/td>\r\n<td style=\"background-color: #c1d0e3; height: 188px; border-style: groove; width: 68.1373%;\">\r\n<p>BREAKOUT SESSION 5 - \"Social and Political Reality\"<\/p>\r\n<p>Introductions by Judith Schwartz (United States) PhD, Professor Emeritus, New York University \/ Vice President of IAC Council and Representative for the United States and Canada<\/p>\r\n<p><span style=\"text-decoration: underline;\">Canada C3: A Crucible<br \/><\/span>Paula Murray, Artist (Canada)<br \/><br \/><span style=\"font-family: inherit;\"><span style=\"text-decoration: underline;\">The Power of Ceramics to Express the Tragedy of Forced Migration<\/span><br \/>Patty Wouters, Artist (Belgium)<br \/><\/span><span style=\"font-family: inherit;\"><br \/><\/span><span style=\"font-family: inherit;\"><span style=\"text-decoration: underline;\">Without Borders - 9 Hungarian Artists<\/span><br \/>Judit Varga, Artist and Educator (Hungary)<br \/><\/span><span style=\"font-family: inherit;\"><br \/><\/span><span style=\"text-decoration: underline;\">It All Started with an Apple<\/span><br \/>Beril Anilanmert, Artist and Educator (Turkey)<\/p>\r\n<\/td>\r\n<\/tr>\r\n<tr style=\"height: 31px;\">\r\n<td style=\"vertical-align: middle; background-color: #e3e3e3; height: 31px; border-style: groove; width: 16.5033%;\">19.15 - 19.30<\/td>\r\n<td style=\"background-color: #e3e3e3; height: 31px; border-style: groove; width: 68.1373%;\">\r\n<p>Closing speech by Reijo Lantto, CEO, Arctic Ceramic Centre, Finland<\/p>\r\n<\/td>\r\n<\/tr>\r\n<tr style=\"height: 24px;\">\r\n<td style=\"vertical-align: middle; background-color: #e3e3e3; height: 10px; border-style: groove; width: 16.5033%;\">19.30 - 19.45<\/td>\r\n<td style=\"background-color: #e3e3e3; height: 10px; border-style: groove; width: 68.1373%;\">\r\n<p>Closing remarks by Torbj\u00f8rn Kvasb\u00f8, President of IAC Council (Norway)<\/p>\r\n<\/td>\r\n<\/tr>\r\n<tr style=\"height: 38px;\">\r\n<td style=\"vertical-align: middle; border-style: groove; width: 13.0719%; background-color: #ffffff; height: 38px;\">24\/09<br \/>(Fri)<\/td>\r\n<td style=\"vertical-align: middle; border-style: groove; width: 16.5033%; background-color: #ffffff; height: 38px;\">14.00 - 17.00<\/td>\r\n<td style=\"border-style: groove; width: 68.1373%; background-color: #ffffff; height: 38px;\">General Assembly <br \/>(open to IAC members only - free but registration is required)<\/td>\r\n<\/tr>\r\n<tr style=\"height: 17px;\">\r\n<td style=\"vertical-align: middle; border-style: groove; width: 97.7125%; height: 17px; background-color: #ffffff;\" colspan=\"3\">\u00a0<\/td>\r\n<\/tr>\r\n<tr style=\"height: 19px;\">\r\n<td style=\"border-style: groove; width: 97.7125%; height: 19px; background-color: #e3e3e3; vertical-align: middle;\" colspan=\"3\">Opening \/ Closing speeches<\/td>\r\n<\/tr>\r\n<tr style=\"height: 19px;\">\r\n<td style=\"border-style: groove; height: 19px; background-color: #e8cad8; vertical-align: middle; width: 97.7125%;\" colspan=\"3\">Keynote speeches<\/td>\r\n<\/tr>\r\n<tr style=\"height: 19px;\">\r\n<td style=\"border-style: groove; background-color: #b6d4bf; vertical-align: middle; width: 97.7125%; height: 19px;\" colspan=\"3\">Lectures<\/td>\r\n<\/tr>\r\n<tr style=\"height: 19px;\">\r\n<td style=\"border-style: groove; width: 97.7125%; background-color: #c1d0e3; vertical-align: middle; height: 19px;\" colspan=\"3\">Breakout Sessions<\/td>\r\n<\/tr>\r\n<\/tbody>\r\n<\/table>\r\n<p>&nbsp;<\/p>\r\n<hr \/>\r\n<table style=\"height: 374px;\">\r\n<tbody>\r\n<tr>\r\n<td style=\"width: 598px;\" colspan=\"2\">\r\n<h3>Additional information on the programme<\/h3>\r\n<\/td>\r\n<\/tr>\r\n<tr style=\"height: 387px;\">\r\n<td style=\"height: 364px;\" colspan=\"2\">\r\n[caption id=\"attachment_52\" align=\"alignnone\" width=\"1920\"]<img class=\"wp-image-52 size-full\" src=\"https:\/\/rovaniemi-posio2020.aic-iac.org\/wp-content\/uploads\/sites\/4\/2019\/09\/Korundi-hall.jpg\" alt=\"\" width=\"1920\" height=\"1080\" \/> The auditorium of the Korundi House of Culture[\/caption]\r\n<\/td>\r\n<\/tr>\r\n<\/tbody>\r\n<\/table>\r\n<table style=\"height: 10px;\" width=\"612\">\r\n<tbody>\r\n<tr style=\"height: 10px;\">\r\n<td style=\"height: 10px; width: 302px;\">\r\n<p><span style=\"text-decoration: underline;\">Lectures programme:<\/span> The programme will include lectures and panel discussions on the proposed focal theme \u201cOn the Edge\u201d. Surrounding the daily talks, a series of exhibitions and events will be available to the participants. \u201cOn the Edge\u201d is an especially relevant theme in Finland and Lapland. Finland is located at the edge of Europe both geographically and culturally, and Lapland is part of the mystical Arctic region, or an \u201cUltima Thul\u00e9\u201d if you wish; the border of the known world.<\/p>\r\n<p>Around these discussions, exhibitions to visit online are available on the congress platform at all times.<\/p>\r\n<\/td>\r\n<td style=\"height: 10px; width: 302px;\">\r\n<p>\u00a0\u201cOn the Edge\u201d is a theme which encourages discussions on the mainstreams and the margins in ceramics, as much on the essence of ceramic art, as on its positioning amongst all art forms. \u201cOn the Edge\u201d will also be interpreted as a timeline, a continuum between the past, present and future.<\/p>\r\n<p><span style=\"text-decoration: underline;\">Breakout Session: <\/span>This event, open to the public, is a promotional event for IAC members. It is intended for the announcement of cultural activities (programmes, research, artistic experience, etc.), within a format of five minutes per presenter.<\/p>\r\n<\/td>\r\n<\/tr>\r\n<\/tbody>\r\n<\/table>","_en_post_name":"programme","_en_post_excerpt":"The programme of the 49th IAC Congress \"On the Edge\".","_en_post_title":"Programme","_fr_post_content":"<table style=\"width: 612px;\">\r\n<tbody>\r\n<tr>\r\n<td style=\"width: 612px;\">\r\n[caption id=\"attachment_51\" align=\"alignnone\" width=\"1920\"]<img class=\"wp-image-51 size-full\" src=\"https:\/\/rovaniemi-posio2020.aic-iac.org\/wp-content\/uploads\/sites\/4\/2019\/09\/arktikum-midnight-sun-rovaniemi.jpg\" alt=\"\" width=\"1920\" height=\"1080\" \/> Vue du soleil de minuit depuis le Mus\u00e9e et Centre scientifique ARKTIKUM[\/caption]\r\n<\/td>\r\n<\/tr>\r\n<\/tbody>\r\n<\/table>\r\n<table style=\"height: 97px; width: 100%;\" cellspacing=\"1\">\r\n<tbody>\r\n<tr style=\"height: 97px;\">\r\n<td style=\"width: 612px; height: 97px; background-color: #ffcf9e;\" colspan=\"3\">\r\n<h3>\u00a0<\/h3>\r\n<h3>LE 49\u00e8me CONGR\u00c8S &amp; ASSEMBL\u00c9E G\u00c9N\u00c9RALE - On the Edge<\/h3>\r\n<\/td>\r\n<\/tr>\r\n<\/tbody>\r\n<\/table>\r\n<table style=\"width: 100%; height: 97px;\">\r\n<tbody>\r\n<tr style=\"height: 98px;\">\r\n<td style=\"width: 49.3548%; background-color: #ffcf9e; height: 97px;\">\r\n<h3>Congr\u00e8s AIC 2021\u00a0<\/h3>\r\n<p>En ligne le 22-23 septembre 2021<br \/>De 13h \u00e0 20h (UTC+3, heure locale \u00e0 Rovaniemi)<\/p>\r\n<p><strong>NOTE: Tout le contenu du congr\u00e8s sera disponible pendant une semaine apr\u00e8s le Congr\u00e8s (uniquement pour les participants inscrits).<\/strong><\/p>\r\n<\/td>\r\n<td style=\"width: 49.3548%; background-color: #ffcf9e; height: 97px;\">\r\n<h3>Assembl\u00e9e G\u00e9n\u00e9rale AIC<\/h3>\r\n<p>En ligne le 24 septembre 2021<br \/>Pour les membres de l'AIC uniquement<br \/>(gratuit, inscription obligatoire)<\/p>\r\n<\/td>\r\n<\/tr>\r\n<tr>\r\n<td style=\"width: 49.3548%; background-color: #ffcf9e;\"><hr \/><\/td>\r\n<td style=\"width: 49.3548%; background-color: #ffcf9e;\">\r\n<h3>\u00a0<\/h3>\r\n<\/td>\r\n<\/tr>\r\n<tr>\r\n<td style=\"width: 49.3548%; background-color: #ffcf9e;\">\r\n<p><strong>Rappel<\/strong> : Le 49e Congr\u00e8s et l\u2019Assembl\u00e9e g\u00e9n\u00e9rale de l\u2019Acad\u00e9mie internationale de la c\u00e9ramique se tiendront en ligne en septembre 2021.<\/p>\r\n<p>Toutes les personnes qui se sont inscrites au Congr\u00e8s ont re\u00e7u un courriel de <em>LIVETO.io<\/em>. Suivez les instructions contenues dans l\u2019email et inscrivez-vous sur la plateforme de congr\u00e8s en ligne LIVETO. <span style=\"text-decoration: underline;\">Si vous n\u2019avez pas re\u00e7u l\u2019email, veuillez v\u00e9rifier votre courrier ind\u00e9sirable.<\/span><\/p>\r\n<h3>\u00a0<\/h3>\r\n<\/td>\r\n<td style=\"width: 49.3548%; background-color: #ffcf9e;\">\r\n<p>Si vous rencontrez des difficult\u00e9s pour vous connecter, veuillez contacter (en anglais) <a href=\"mailto:asiakaspalvelu@liveto.fi\">asiakaspalvelu@liveto.fi<\/a>.<\/p>\r\n<p>Si vous avez d\u2019autres questions, veuillez contacter (en anglais) <a href=\"mailto:congress@ulapland.fi\">congress@ulapland.fi<\/a>.<\/p>\r\n<\/td>\r\n<\/tr>\r\n<\/tbody>\r\n<\/table>\r\n<table>\r\n<tbody>\r\n<tr>\r\n<td colspan=\"2\"><span style=\"color: #999999;\">* Veuillez s'il vous pla\u00eet noter que l'information sur cette page est susceptible d'\u00eatre modifi\u00e9e.<\/span>\r\n<h3><span style=\"text-decoration: underline;\">Mercredi 22 septembre 2021<\/span><\/h3>\r\n<\/td>\r\n<\/tr>\r\n<tr>\r\n<td>\r\n<p>Le 49\u00e8me Congr\u00e8s d\u00e9butera le mercredi 22 septembre 2021 dans le plus grand des conforts, chez vous.<\/p>\r\n<p>La conf\u00e9rence est inaugur\u00e9e par le pr\u00e9sident de l\u2019AIC, Torbj\u00f8rn Kvasb\u00f8.<\/p>\r\n<p>Sur la th\u00e9matique g\u00e9n\u00e9rale \"On the Edge\", le premier orateur est Tapio Yli-Viikari, professeur \u00e0 l\u2019Universit\u00e9 d\u2019Aalto, suivi de Nathalie Lautenbacher de l'Universit\u00e9 d'Aalto pour une pr\u00e9sentation sur le m\u00eame th\u00e8me. Les pr\u00e9sentations sur le sujet \"\u00c9l\u00e9ments du Futur\" sont respectivement men\u00e9es par Adam Chau de l\u2019\u00c9cole de l\u2019Art Institute of Chicago, Michal Puszczynski de l\u2019Acad\u00e9mie d\u2019Art et de Design en Pologne et Barbara Schmidt de l\u2019\u00c9cole Wei\u00dfensee d\u2019Art et de Design en Allemagne.<\/p>\r\n<\/td>\r\n<td>\r\n<p>Finalement, le troisi\u00e8me sujet abord\u00e9 mercredi, \"Cr\u00e9ation et Bien-\u00eatre\", est pr\u00e9sent\u00e9 par professeur Arild Berg de l'Universit\u00e9 m\u00e9tropolitaine d'Oslo et sera suivi d\u2019une pr\u00e9sentation par Dena Bagi de l\u2019Universit\u00e9 de Sunderland.<\/p>\r\n<p>Les s\u00e9ances de d\u00e9bats (Breakout Sessions) font \u00e0 nouveau partie du programme cette ann\u00e9e. Mercredi, la premi\u00e8re s\u00e9ance sur le th\u00e8me \"On the Edge\"\u00a0 est mod\u00e9r\u00e9e par Judith Schwartz, vice-pr\u00e9sidente du Conseil de l'Acad\u00e9mie et la deuxi\u00e8me s\u00e9ance sur \"El\u00e9ments du Futur\" est mod\u00e9r\u00e9e par Wendy Gers, membre du Conseil de l'AIC.<\/p>\r\n<p>La premi\u00e8re journ\u00e9e de ce Congr\u00e8s virtuel sera conclue par Torbj\u00f8rn Kvasb\u00f8, pr\u00e9sident de l'AIC.<\/p>\r\n<\/td>\r\n<\/tr>\r\n<\/tbody>\r\n<\/table>\r\n<table>\r\n<tbody>\r\n<tr>\r\n<td colspan=\"2\">\r\n<h3>\u00a0<\/h3>\r\n<h3><span style=\"text-decoration: underline;\">Jeudi 23 septembre 2021<\/span><\/h3>\r\n<\/td>\r\n<\/tr>\r\n<tr>\r\n<td>\r\n<p>La deuxi\u00e8me journ\u00e9e du Congr\u00e8s, \u00a0jeudi 23 septembre 2021, est inaugur\u00e9e par Reijo Lantto de l'Arctic Ceramic Center (ACC).<\/p>\r\n<p><br \/>La premi\u00e8re oratrice jeudi sur le sujet \u201cLocalit\u00e9 et Mat\u00e9rialit\u00e9\u201d est Riikka Latva-Somppi de l\u2019Universit\u00e9 d\u2019Aalto, suivie par une pr\u00e9sentation par Love J\u00f6nsson, directeur du Mus\u00e9e du Design Rian, et une pr\u00e9sentation par Priska Falin de l\u2019Universit\u00e9 d\u2019Aalto et Helen Felcey de l\u2019Universit\u00e9 Hope de Liverpool.<\/p>\r\n<p><br \/>\"Realit\u00e9 sociale et politique\" est pr\u00e9sent\u00e9 par l\u2019orateur Neil J. Brownsword de l\u2019Universit\u00e9 de Staffordshire, ainsi que dans des pr\u00e9sentation par Ahmed Umar et Kianoosh Motaghedi.<\/p>\r\n<\/td>\r\n<td>\r\n<p>La troisi\u00e8me s\u00e9ance de d\u00e9bats (la premi\u00e8re du jeudi) sur le th\u00e8me \"Cr\u00e9ation et Bien-\u00eatre\" est mod\u00e9r\u00e9e par Hyeyoung Cho, membre du Conseil de l'Acad\u00e9mie, la quatri\u00e8me s\u00e9ance sur \"Localit\u00e9 et Mat\u00e9rialit\u00e9\" par David Jones, membre du Conseil de l'Acad\u00e9mie et la cinqui\u00e8me sur le sujet \"R\u00e9alit\u00e9 sociale et politique\" par Judith Schwartz, vice-pr\u00e9sidente de l'AIC.<\/p>\r\n<p>Reijo Lantto, directeur du Centre Arctique de C\u00e9ramique, et Torbj\u00f8rn Kvasb\u00f8, pr\u00e9sident de l'AIC, cl\u00f4tureront le 49\u00e8me Congr\u00e8s de l\u2019Acad\u00e9mie internationale de la c\u00e9ramique.<\/p>\r\n<p>&nbsp;<\/p>\r\n<\/td>\r\n<\/tr>\r\n<tr>\r\n<td colspan=\"2\">\r\n<h3>\u00a0<\/h3>\r\n<h3><span style=\"text-decoration: underline;\">Vendredi 24 septembre 2021<\/span><\/h3>\r\n<\/td>\r\n<\/tr>\r\n<tr>\r\n<td>\r\n<p>L\u2019Assembl\u00e9e G\u00e9n\u00e9rale a lieu le vendredi 24 septembre 2021 et est ouverte uniquement aux membres de l\u2019AIC. Elle est gratuite, mais l'inscription est obligatoire<br \/><br \/>L'ordre du jour de l'AG sera envoy\u00e9e aux membres avant l'\u00e9venement.\u00a0<\/p>\r\n<\/td>\r\n<td>\r\n<p>&nbsp;<\/p>\r\n<\/td>\r\n<\/tr>\r\n<tr>\r\n<td colspan=\"2\"><hr \/><\/td>\r\n<\/tr>\r\n<tr>\r\n<td colspan=\"2\"><em><a href=\"https:\/\/rovaniemi-posio2021.aic-iac.org\/wp-content\/uploads\/sites\/4\/2021\/09\/IAC-2021-conference-final-programme-FR.pdf\">PDF du programme de la conf\u00e9rence<\/a><\/em><\/td>\r\n<\/tr>\r\n<\/tbody>\r\n<\/table>\r\n<table class=\"programme-3-col aligncenter\" style=\"width: 96.9033%; border-collapse: collapse; border-style: solid;\">\r\n<tbody>\r\n<tr style=\"height: 19px;\">\r\n<td style=\"background-color: #a6a6a6; border-style: solid; height: 19px; vertical-align: middle; width: 13.1448%;\">Date<\/td>\r\n<td style=\"vertical-align: middle; background-color: #a6a6a6; border-style: solid; height: 19px; width: 15.973%;\">Heures (UTC+3)<\/td>\r\n<td style=\"background-color: #a6a6a6; border-style: solid; height: 19px; width: 68.7191%;\">Programme<\/td>\r\n<\/tr>\r\n<tr style=\"height: 19px;\">\r\n<td style=\"height: 789px; border-style: groove; vertical-align: middle; width: 13.1448%;\" rowspan=\"18\">\r\n<p>22\/09<br \/>(mer)<\/p>\r\n<\/td>\r\n<td style=\"height: 19px; vertical-align: middle; background-color: #e3e3e3; border-style: groove; width: 15.973%;\">13.00 - 13.10<\/td>\r\n<td style=\"height: 19px; background-color: #e3e3e3; border-style: groove; width: 68.7191%;\">Bienvenue<\/td>\r\n<\/tr>\r\n<tr style=\"height: 19px;\">\r\n<td style=\"height: 19px; vertical-align: middle; background-color: #e3e3e3; border-style: groove; width: 15.973%;\">13.10 - 13.25<\/td>\r\n<td style=\"height: 19px; background-color: #e3e3e3; border-style: groove; width: 68.7191%;\">Inauguration de la conf\u00e9rence par Torbj\u00f8rn Kvasb\u00f8, Pr\u00e9sident du Conseil de l'AIC (Norv\u00e8ge)<\/td>\r\n<\/tr>\r\n<tr style=\"height: 19px;\">\r\n<td style=\"height: 10px; vertical-align: middle; background-color: #e8cad8; border-style: groove; width: 15.973%;\">13.25 - 14.00<\/td>\r\n<td style=\"height: 10px; background-color: #e8cad8; border-style: groove; width: 68.7191%;\">\r\n<p>\"On the Edge\"<\/p>\r\n<p>Introductions par Judith Schwartz (\u00c9tats-Unis) PhD, Professeure \u00e9m\u00e9rite \u00e0 l'Universit\u00e9 de New York \/ Vice-pr\u00e9sidente du Conseil de l'AIC et repr\u00e9sentante pour les USA et le Canada<\/p>\r\n<p>KEYNOTE<\/p>\r\n<p><span style=\"text-decoration: underline;\">Approach to Northern Ceramics; Arabia - Pentik<\/span><br \/>Tapio Yli-Viikari, Professeur \u00e0 l'Universit\u00e9 d'Aalto, Finlande<\/p>\r\n<\/td>\r\n<\/tr>\r\n<tr style=\"height: 19px;\">\r\n<td style=\"height: 19px; vertical-align: middle; border-style: groove; width: 15.973%;\">14.00 - 14.10<\/td>\r\n<td style=\"height: 19px; border-style: groove; width: 68.7191%;\">Entracte<span style=\"text-decoration: underline;\"><br \/><\/span><\/td>\r\n<\/tr>\r\n<tr style=\"height: 19px;\">\r\n<td style=\"height: 19px; background-color: #b6d4bf; border-style: groove; vertical-align: middle; width: 15.973%;\">\r\n<p>14.10 - 15.05<\/p>\r\n<p>&nbsp;<\/p>\r\n<\/td>\r\n<td style=\"height: 19px; background-color: #b6d4bf; border-style: groove; width: 68.7191%;\">\r\n<p>\"On the Edge\"<\/p>\r\n<p>CONF\u00c9RENCES<\/p>\r\n<p><span style=\"text-decoration: underline;\">Vaellus<\/span><br \/>Anu Pentik, Fondatrice de Pentik, Finlande<\/p>\r\n<p><span style=\"text-decoration: underline;\">Silent Journey<\/span><br \/>Suku Park, Artiste et directeur d'art de l'Arctic Ceramic Centre, Finlande<\/p>\r\n<p><span style=\"text-decoration: underline;\">Remain Upright<\/span><br \/>Fr\u00e9d\u00e9ric Bodet, Conservateur et vice-pr\u00e9sident du Salon de la c\u00e9ramique Paris C-14, France<\/p>\r\n<p><span style=\"text-decoration: underline;\">On Solid Ground<\/span><br \/>Nathalie Lautenbacher, Ma\u00eetre de conf\u00e9rences en Design \u00e0 l'Universit\u00e9 d'Aalto, Finlande<\/p>\r\n<\/td>\r\n<\/tr>\r\n<tr style=\"height: 19px;\">\r\n<td style=\"height: 19px; vertical-align: middle; border-style: groove; width: 15.973%;\">15.05 - 15.15<\/td>\r\n<td style=\"height: 19px; border-style: groove; width: 68.7191%;\">Entracte<\/td>\r\n<\/tr>\r\n<tr>\r\n<td style=\"vertical-align: middle; border-style: groove; width: 15.973%;\">15.15 - 15.30<\/td>\r\n<td style=\"border-style: groove; width: 68.7191%;\">Discussion \/ Q&amp;A sur le th\u00e8me \"On the Edge\"<\/td>\r\n<\/tr>\r\n<tr style=\"height: 19px;\">\r\n<td style=\"height: 10px; vertical-align: middle; background-color: #c1d0e3; border-style: groove; width: 15.973%;\">15.30 - 15.50<\/td>\r\n<td style=\"height: 10px; background-color: #c1d0e3; border-style: groove; width: 68.7191%;\">\r\n<p>S\u00c9ANCE DE D\u00c9BATS 1 - \"On the Edge\"<br \/><br \/>Introductions par Judith Schwartz (\u00c9tats-Unis) PhD, Professeure \u00e9m\u00e9rite \u00e0 l'Universit\u00e9 de New York \/ Vice-pr\u00e9sidente du Conseil de l'AIC et repr\u00e9sentante pour les USA et le Canada<\/p>\r\n<p><span style=\"text-decoration: underline;\">On the Edge<br \/><\/span>M\u00e1ret \u00c1nne Sara, Artiste et auteur (Norv\u00e8ge)<br \/><br \/><span style=\"text-decoration: underline;\">Critical Discourses<br \/><\/span>Elaine Henry, Artiste, \u00e9crivaine et conservatrice (\u00c9tats-Unis)<span style=\"text-decoration: underline;\"><br \/><br \/><\/span><span style=\"text-decoration: underline;\">Quartz Inversion: The Moment of Change <br \/><\/span>Adil Writer, Artiste (Inde)<\/p>\r\n<\/td>\r\n<\/tr>\r\n<tr style=\"height: 19px;\">\r\n<td style=\"vertical-align: middle; height: 19px; border-style: groove; width: 15.973%;\">15.50 - 16.30<\/td>\r\n<td style=\"height: 19px; border-style: groove; width: 68.7191%;\">Entracte<\/td>\r\n<\/tr>\r\n<tr style=\"height: 150px;\">\r\n<td style=\"vertical-align: middle; background-color: #e8cad8; height: 110px; border-style: groove; width: 15.973%;\">16.30 - 17.05<\/td>\r\n<td style=\"background-color: #e8cad8; height: 110px; border-style: groove; width: 68.7191%;\">\r\n<p>\u00a0\"\u00c9l\u00e9ments du Futur\"<\/p>\r\n<p>Introductions par Pauliina P\u00f6ll\u00e4nen, MA Art Visuel, doctorante et artiste, Norv\u00e8ge<\/p>\r\n<p>KEYNOTE<\/p>\r\n<p><span style=\"text-decoration: underline;\">Undustrial Design<\/span><br \/>Adam Chau, Artiste \u00e0 l'\u00c9cole de l'Art Institute of Chicago, \u00c9tats-Unis<\/p>\r\n<\/td>\r\n<\/tr>\r\n<tr style=\"height: 189px;\">\r\n<td style=\"vertical-align: middle; background-color: #b6d4bf; height: 189px; border-style: groove; width: 15.973%;\">17.05 - 17.55<\/td>\r\n<td style=\"background-color: #b6d4bf; height: 189px; border-style: groove; width: 68.7191%;\">\r\n<p>\"\u00c9l\u00e9ments du Futur\"<\/p>\r\n<p>CONF\u00c9RENCES<\/p>\r\n<p><span style=\"text-decoration: underline;\">The Modern Approach to Wood-Fired Ceramics<\/span><br \/>Michal Puszczynski, PhD, Acad\u00e9mie d'Art et de Design, Pologne<\/p>\r\n<p><span style=\"text-decoration: underline;\">Thinking with Material \u2013 Ceramics in Design Processes <\/span><br \/>Barbara Schmidt, Professeure en Design exp\u00e9rimental, \u00c9cole Wei\u00dfensee d'Art et de Design, Allemagne<\/p>\r\n<\/td>\r\n<\/tr>\r\n<tr style=\"height: 19px;\">\r\n<td style=\"vertical-align: middle; height: 19px; border-style: groove; width: 15.973%;\">17.55 - 18.05<\/td>\r\n<td style=\"height: 19px; border-style: groove; width: 68.7191%;\">Discussion \/ Q&amp;A sur le sujet \"\u00c9l\u00e9ments du Futur\"<\/td>\r\n<\/tr>\r\n<tr style=\"height: 19px;\">\r\n<td style=\"vertical-align: middle; height: 19px; border-style: groove; width: 15.973%;\">18.05 - 18.15<\/td>\r\n<td style=\"height: 19px; border-style: groove; width: 68.7191%;\">Entracte<\/td>\r\n<\/tr>\r\n<tr style=\"height: 276px;\">\r\n<td style=\"vertical-align: middle; background-color: #c1d0e3; height: 10px; border-style: groove; width: 15.973%;\">18.15 - 18.45<\/td>\r\n<td style=\"background-color: #c1d0e3; height: 10px; border-style: groove; width: 68.7191%;\">\r\n<p>S\u00c9ANCE DE D\u00c9BATS 2 - \"\u00c9l\u00e9ments du Futur\"<br \/><br \/>Introductions par Wendy Gers (Afrique du Sud) PhD, Membre du Conseil de l'AIC, Repr\u00e9sentante pour l'Australie, la Nouvelle Z\u00e9lande et l'Afrique du Sud<\/p>\r\n<p><span style=\"text-decoration: underline;\">Intangible Heritage<br \/><\/span>Monika Gass, Artiste et conservatrice (Allemagne)<br \/><br \/><span style=\"text-decoration: underline;\">Holocene Park<\/span><br \/><span style=\"font-family: inherit;\">Paul March, Artiste (Suisse)<br \/><br \/><\/span><span style=\"text-decoration: underline;\">Geometric Translations<br \/><\/span>Antra Sinha, Artiste (Inde)<br \/><br \/><span style=\"font-family: inherit;\"><span style=\"text-decoration: underline;\">Living the Earth<br \/><\/span>Virginia Fr\u00f3is, Professeure adjoint de c\u00e9ramique et de sculpture, Oficinas do Convento (Portugal<span style=\"text-decoration: underline;\">)<br \/><\/span><\/span><\/p>\r\n<\/td>\r\n<\/tr>\r\n<tr style=\"height: 189px;\">\r\n<td style=\"vertical-align: middle; background-color: #e8cad8; height: 106px; border-style: groove; width: 15.973%;\">18.45 - 19.20<\/td>\r\n<td style=\"background-color: #e8cad8; height: 106px; border-style: groove; width: 68.7191%;\">\r\n<p>\"Cr\u00e9ation et Bien-\u00eatre\"<\/p>\r\n<p>Introductions par Anniina Koivurova, D.A., Conservatrice, Mus\u00e9e d'art de Rovaniemi, Finlande<\/p>\r\n<p>KEYNOTE<\/p>\r\n<p><span style=\"text-decoration: underline;\">Ceramic Practice in Health Research \u2013 Making Public Art in a Hospital<\/span><br \/>Arild Berg, Professeur de recherche artistique en design de produits, Universit\u00e9 m\u00e9tropolitaine d'Oslo, Norv\u00e8ge<\/p>\r\n<\/td>\r\n<\/tr>\r\n<tr style=\"height: 145px;\">\r\n<td style=\"vertical-align: middle; background-color: #b6d4bf; height: 145px; border-style: groove; width: 15.973%;\">19.20 - 19.45<\/td>\r\n<td style=\"background-color: #b6d4bf; height: 145px; border-style: groove; width: 68.7191%;\">\r\n<p>\u00a0\"Cr\u00e9ation et Bien-\u00eatre\"<\/p>\r\n<p>CONF\u00c9RENCE<\/p>\r\n<p><span style=\"text-decoration: underline;\">Clarification through Clay: Visualising Meaning-Making<\/span><br \/>Dena Bagi, PhD\/Doctorante \u00e0 l'Universit\u00e9 de Sunderland, Royaume-Uni<\/p>\r\n<\/td>\r\n<\/tr>\r\n<tr style=\"height: 19px;\">\r\n<td style=\"vertical-align: middle; height: 19px; border-style: groove; width: 15.973%;\">19.45 - 19.55<\/td>\r\n<td style=\"height: 19px; border-style: groove; width: 68.7191%;\">Discussion \/ Q&amp;A sur le sujet \"Cr\u00e9ation et Bien-\u00eatre\"<\/td>\r\n<\/tr>\r\n<tr style=\"height: 19px;\">\r\n<td style=\"vertical-align: middle; background-color: #e3e3e3; height: 19px; border-style: groove; width: 15.973%;\">19.55 - 20.00<\/td>\r\n<td style=\"background-color: #e3e3e3; height: 19px; border-style: groove; width: 68.7191%;\">Discours de cl\u00f4ture par Torbj\u00f8rn Kvasb\u00f8, Pr\u00e9sident du Conseil de l'AIC (Norv\u00e8ge)<\/td>\r\n<\/tr>\r\n<tr style=\"height: 19px;\">\r\n<td style=\"vertical-align: middle; height: 753px; border-style: groove; width: 13.1448%;\" rowspan=\"17\">23\/09<br \/>(jeu)<\/td>\r\n<td style=\"vertical-align: middle; height: 19px; background-color: #e3e3e3; border-style: groove; width: 15.973%;\">13.00 - 13.05<\/td>\r\n<td style=\"height: 19px; background-color: #e3e3e3; border-style: groove; width: 68.7191%;\">Bienvenue<\/td>\r\n<\/tr>\r\n<tr style=\"height: 19px;\">\r\n<td style=\"vertical-align: middle; height: 19px; background-color: #e3e3e3; border-style: groove; width: 15.973%;\">13.05 - 13.15<\/td>\r\n<td style=\"height: 19px; background-color: #e3e3e3; border-style: groove; width: 68.7191%;\">Discours d'ouverture par Reijo Lantto, PDG, Arctic Ceramic Centre, Finlande<\/td>\r\n<\/tr>\r\n<tr style=\"height: 190px;\">\r\n<td style=\"vertical-align: middle; height: 190px; background-color: #c1d0e3; border-style: groove; width: 15.973%;\">13.15 - 13.45<\/td>\r\n<td style=\"height: 190px; background-color: #c1d0e3; border-style: groove; width: 68.7191%;\">\r\n<p>S\u00c9ANCE DE D\u00c9BATS 3 - \"Cr\u00e9ation et Bien-\u00eatre\"<br \/><br \/>Introductions par Hyeyoung Cho (R\u00e9publique de Cor\u00e9e), Membre du Conseil de l'AIC, Repr\u00e9sentante pour la Cor\u00e9e du Sud<\/p>\r\n<p><span style=\"text-decoration: underline;\">Pandemic Pills<\/span><br \/>Madhvi Subrahmanian, Artiste (Singapour)<br \/><br \/><span style=\"text-decoration: underline;\">Environmental Degradation and Redemption: Healing through Making<br \/><\/span>Holly Hanessian, Artiste et \u00e9ducatrice (\u00c9tats-Unis)<br \/><br \/><span style=\"text-decoration: underline;\">Naos - Self Temples<br \/><\/span>Estefania Valls, Artiste (Guatemala)<br \/><br \/><span style=\"text-decoration: underline;\">Medalta \/ Reclaiming Making &amp; Wellbeing<\/span><br \/>Trudy Golley, Artiste et \u00e9ducatrice (Canada)<\/p>\r\n<\/td>\r\n<\/tr>\r\n<tr style=\"height: 19px;\">\r\n<td style=\"vertical-align: middle; height: 19px; border-style: groove; width: 15.973%;\">13.45 - 13.55<\/td>\r\n<td style=\"height: 19px; border-style: groove; width: 68.7191%;\">Entracte<\/td>\r\n<\/tr>\r\n<tr style=\"height: 19px;\">\r\n<td style=\"vertical-align: middle; height: 19px; background-color: #e8cad8; border-style: groove; width: 15.973%;\">13.55 - 14.30<\/td>\r\n<td style=\"height: 19px; background-color: #e8cad8; border-style: groove; width: 68.7191%;\">\r\n<p>\"Localit\u00e9 et Mat\u00e9rialit\u00e9\"<\/p>\r\n<p>Introductions par Caroline Slotte, Professeure d'art c\u00e9ramique \u00e0 l'\u00c9cole nationale des Arts d'Oslo, Norv\u00e8ge<\/p>\r\n<p>KEYNOTE<\/p>\r\n<p><span style=\"text-decoration: underline;\">Soil as a Material Mediator: Combining Environmental Research with Ceramic Practice<\/span><br \/>Riikka Latva-Somppi, Conservatrice et artiste-chercheuse \u00e0 l'Universit\u00e9 d'Aalto, Finlande<\/p>\r\n<\/td>\r\n<\/tr>\r\n<tr style=\"height: 19px;\">\r\n<td style=\"vertical-align: middle; height: 19px; background-color: #b6d4bf; border-style: groove; width: 15.973%;\">14.30 - 15.20<\/td>\r\n<td style=\"height: 19px; background-color: #b6d4bf; border-style: groove; width: 68.7191%;\">\r\n<p>\"Localit\u00e9 et Mat\u00e9rialit\u00e9\"<\/p>\r\n<p>CONF\u00c9RENCES<\/p>\r\n<p><span style=\"text-decoration: underline;\">Fairy Tales and Decadence \u2013 Recent Developments in Figurative Ceramic Sculpture in the Nordic Region<\/span><br \/>Love J\u00f6nsson, Directeur du Mus\u00e9e du Design Rian, Falkenberg, Su\u00e8de<\/p>\r\n<p><span style=\"text-decoration: underline;\">What Is It All For?<\/span><br \/>Priska Falin, Artiste-chercheuse \u00e0 l'Universit\u00e9 d'Aalto, Finlande<br \/><br \/>Helen Felcey, Artiste, \u00e9ducatrice et conservatrice \u00e0 l'Universit\u00e9 Liverpool Hope \/ Biennale de la c\u00e9ramique britannique, Royaume-Uni<\/p>\r\n<\/td>\r\n<\/tr>\r\n<tr style=\"height: 19px;\">\r\n<td style=\"vertical-align: middle; height: 19px; border-style: groove; width: 15.973%;\">15.20 - 15.30<\/td>\r\n<td style=\"height: 19px; border-style: groove; width: 68.7191%;\">Discussion \/ Q&amp;A sur le sujet \"Localit\u00e9 et Mat\u00e9rialit\u00e9\"<\/td>\r\n<\/tr>\r\n<tr style=\"height: 19px;\">\r\n<td style=\"vertical-align: middle; height: 19px; border-style: groove; width: 15.973%;\">15.30 - 15.45<\/td>\r\n<td style=\"height: 19px; border-style: groove; width: 68.7191%;\">Entracte<\/td>\r\n<\/tr>\r\n<tr style=\"height: 19px;\">\r\n<td style=\"vertical-align: middle; height: 19px; background-color: #c1d0e3; border-style: groove; width: 15.973%;\">15.45 - 16.15<\/td>\r\n<td style=\"height: 19px; background-color: #c1d0e3; border-style: groove; width: 68.7191%;\">\r\n<p>S\u00c9ANCE DE D\u00c9BATS 4 - \"Localit\u00e9 et Mat\u00e9rialit\u00e9\"<br \/><br \/>Introductions par David Jones (Royaume-Uni) PhD, Membre du Conseil de l'AIC, Repr\u00e9sentant pour le Royaume-Uni, l'Irlande et le pays du Benelux<\/p>\r\n<p><span style=\"text-decoration: underline;\">The Wild Clay<br \/><\/span>Takuro Shibata, Artiste (\u00c9tats-Unis)<br \/><br \/><span style=\"font-family: inherit;\"><span style=\"text-decoration: underline;\">Hualien Paradise - Disappearing Culture of the Amis Earthenware Tradition in Taiwan\u00a0<br \/><\/span>Wen-Hsi Harman, Artiste (Taipei Chinois)<br \/><br \/><\/span><span style=\"font-family: inherit;\"><span style=\"text-decoration: underline;\">Manifesto for Clay<br \/><\/span>Julia Schuster, Artiste (Autriche)<br \/><br \/><\/span><span style=\"font-family: inherit;\"><span style=\"text-decoration: underline;\">Marking Time<br \/><\/span>Julie Bartholomew, Artiste et \u00e9ducatrice (Australie)<br \/><\/span><\/p>\r\n<\/td>\r\n<\/tr>\r\n<tr style=\"height: 19px;\">\r\n<td style=\"vertical-align: middle; height: 19px; border-style: groove; width: 15.973%;\">16.15 - 17.00<\/td>\r\n<td style=\"height: 19px; border-style: groove; width: 68.7191%;\">Entracte<\/td>\r\n<\/tr>\r\n<tr style=\"height: 19px;\">\r\n<td style=\"vertical-align: middle; height: 19px; background-color: #e8cad8; border-style: groove; width: 15.973%;\">17.00 - 17.35<\/td>\r\n<td style=\"height: 19px; background-color: #e8cad8; border-style: groove; width: 68.7191%;\">\r\n<p>\"R\u00e9alit\u00e9 sociale et politique\"<\/p>\r\n<p>Introductions par Lars Sture, Conservateur et artiste d'artisanat norv\u00e9gien, Norv\u00e8ge<\/p>\r\n<p>KEYNOTE<\/p>\r\n<p><span style=\"text-decoration: underline;\">Beyond Preservation: Re-Evaluating Intangible Cultural Heritage in the UK Ceramic Industry<\/span><br \/>Neil J. Brownsword, Artiste et professeur \u00e0 l'Universit\u00e9 de Staffordshire, Royaume-Uni<\/p>\r\n<\/td>\r\n<\/tr>\r\n<tr style=\"height: 106px;\">\r\n<td style=\"vertical-align: middle; background-color: #b6d4bf; height: 106px; border-style: groove; width: 15.973%;\">17.35 - 18.25<\/td>\r\n<td style=\"background-color: #b6d4bf; height: 106px; border-style: groove; width: 68.7191%;\">\r\n<p>\"R\u00e9alit\u00e9 sociale et politique\"<\/p>\r\n<p>CONF\u00c9RENCES<\/p>\r\n<p><span style=\"text-decoration: underline;\">Solace in Clay<\/span><br \/>Ahmed Umar, Artiste visuel, Soudan\/Norv\u00e8ge<\/p>\r\n<p><span style=\"text-decoration: underline;\">Female Iranian Ceramists: From the Beginning of Modernism to the Present Day<\/span><br \/>Kianoosh Motaghedi, C\u00e9ramiste et chercheur ind\u00e9pendant en C\u00e9ramique islamique, Iran<\/p>\r\n<\/td>\r\n<\/tr>\r\n<tr style=\"height: 19px;\">\r\n<td style=\"vertical-align: middle; height: 19px; border-style: groove; width: 15.973%;\">18.25 - 18.35<\/td>\r\n<td style=\"height: 19px; border-style: groove; width: 68.7191%;\">Discussion \/ Q&amp;A sur le sujet \"R\u00e9alit\u00e9 sociale et politique\"<\/td>\r\n<\/tr>\r\n<tr>\r\n<td style=\"vertical-align: middle; border-style: groove; width: 15.973%; background-color: #ffffff;\">18.35 - 18.45<\/td>\r\n<td style=\"border-style: groove; width: 68.7191%; background-color: #ffffff;\">Entracte<\/td>\r\n<\/tr>\r\n<tr style=\"height: 256px;\">\r\n<td style=\"vertical-align: middle; background-color: #c1d0e3; height: 188px; border-style: groove; width: 15.973%;\">18.45 - 19.15<\/td>\r\n<td style=\"background-color: #c1d0e3; height: 188px; border-style: groove; width: 68.7191%;\">\r\n<p>S\u00c9ANCE DE D\u00c9BATS 5 - \"R\u00e9alit\u00e9 sociale et politique\"<\/p>\r\n<p>Introductions par Judith Schwartz (\u00c9tats-Unis) PhD, Professeure \u00e9m\u00e9rite \u00e0 l'Universit\u00e9 de New York \/ Vice-pr\u00e9sidente du Conseil de l'AIC et repr\u00e9sentante pour les USA et le Canada<\/p>\r\n<p><span style=\"text-decoration: underline;\">Canada C3: A Crucible<br \/><\/span>Paula Murray, Artiste (Canada)<br \/><span style=\"font-family: inherit;\"><br \/><span style=\"text-decoration: underline;\">The Power of Ceramics to Express the Tragedy of Forced Migration<br \/><\/span>Patty Wouters, Artiste (Belgique)<br \/><br \/><\/span><span style=\"font-family: inherit;\"><span style=\"text-decoration: underline;\">Without Borders - 9 Hungarian Artists<br \/><\/span>Judit Varga, Artiste et \u00e9ducatrice (Hongrie)<br \/><br \/><\/span><span style=\"text-decoration: underline;\">It All Started with an Apple<br \/><\/span>Beril Anilanmert, Artiste et \u00e9ducatrice (Turquie)<\/p>\r\n<\/td>\r\n<\/tr>\r\n<tr style=\"height: 31px;\">\r\n<td style=\"vertical-align: middle; background-color: #e3e3e3; height: 31px; border-style: groove; width: 15.973%;\">19.15 - 19.30<\/td>\r\n<td style=\"background-color: #e3e3e3; height: 31px; border-style: groove; width: 68.7191%;\">\r\n<p>Discours de cl\u00f4ture par Reijo Lantto, PDG, Arctic Ceramic Centre, Finlande<\/p>\r\n<\/td>\r\n<\/tr>\r\n<tr style=\"height: 24px;\">\r\n<td style=\"vertical-align: middle; background-color: #e3e3e3; height: 10px; border-style: groove; width: 15.973%;\">19.30 - 19.45<\/td>\r\n<td style=\"background-color: #e3e3e3; height: 10px; border-style: groove; width: 68.7191%;\">\r\n<p>Remarques de cl\u00f4ture par Torbj\u00f8rn Kvasb\u00f8, Pr\u00e9sident du Conseil de l'AIC (Norv\u00e8ge)<\/p>\r\n<\/td>\r\n<\/tr>\r\n<tr style=\"height: 38px;\">\r\n<td style=\"vertical-align: middle; border-style: groove; width: 13.1448%; background-color: #ffffff; height: 38px;\">24\/09<br \/>(ven)<\/td>\r\n<td style=\"vertical-align: middle; border-style: groove; width: 15.973%; background-color: #ffffff; height: 38px;\">14.00 - 17.00<\/td>\r\n<td style=\"border-style: groove; width: 68.7191%; background-color: #ffffff; height: 38px;\">Assembl\u00e9e G\u00e9n\u00e9rale <br \/>(ouverte uniquement aux membres de l'AIC - gratuit mais inscription obligatoire)<\/td>\r\n<\/tr>\r\n<tr style=\"height: 17px;\">\r\n<td style=\"vertical-align: middle; border-style: groove; width: 97.8369%; height: 17px; background-color: #ffffff;\" colspan=\"3\">\u00a0<\/td>\r\n<\/tr>\r\n<tr style=\"height: 19px;\">\r\n<td style=\"border-style: groove; width: 97.8369%; height: 19px; background-color: #e3e3e3; vertical-align: middle;\" colspan=\"3\">Discours d'ouverture \/ de cl\u00f4ture<\/td>\r\n<\/tr>\r\n<tr style=\"height: 19px;\">\r\n<td style=\"border-style: groove; height: 19px; background-color: #e8cad8; vertical-align: middle; width: 97.8369%;\" colspan=\"3\">Pr\u00e9sentations Keynote<\/td>\r\n<\/tr>\r\n<tr style=\"height: 19px;\">\r\n<td style=\"border-style: groove; background-color: #b6d4bf; vertical-align: middle; width: 97.8369%; height: 19px;\" colspan=\"3\">Conf\u00e9rences<\/td>\r\n<\/tr>\r\n<tr style=\"height: 19px;\">\r\n<td style=\"border-style: groove; width: 97.8369%; background-color: #c1d0e3; vertical-align: middle; height: 19px;\" colspan=\"3\">S\u00e9ances de d\u00e9bats<\/td>\r\n<\/tr>\r\n<\/tbody>\r\n<\/table>\r\n<p>&nbsp;<\/p>\r\n<hr \/>\r\n<table style=\"height: 428px;\">\r\n<tbody>\r\n<tr style=\"height: 64px;\">\r\n<td style=\"width: 610px; height: 64px;\" colspan=\"2\">\r\n<h3>INFORMATION COMPL\u00c8MENTAIRE SUR LE PROGRAMME<\/h3>\r\n<\/td>\r\n<\/tr>\r\n<tr style=\"height: 387px;\">\r\n<td style=\"height: 364px; width: 610px;\" colspan=\"2\">\r\n[caption id=\"attachment_52\" align=\"alignnone\" width=\"1920\"]<img class=\"wp-image-52 size-full\" src=\"https:\/\/rovaniemi-posio2020.aic-iac.org\/wp-content\/uploads\/sites\/4\/2019\/09\/Korundi-hall.jpg\" alt=\"\" width=\"1920\" height=\"1080\" \/> L'auditorium de la Maison de la Culture Korundi[\/caption]\r\n<\/td>\r\n<\/tr>\r\n<\/tbody>\r\n<\/table>\r\n<table style=\"height: 10px;\" width=\"612\">\r\n<tbody>\r\n<tr style=\"height: 10px;\">\r\n<td style=\"height: 10px; width: 302px;\">\r\n<p><span style=\"text-decoration: underline;\">Programme des conf\u00e9rences<br \/><\/span>Le programme comprendra des conf\u00e9rences et des sessions de d\u00e9bats sur le th\u00e8me central propos\u00e9 : \u00ab On the Edge \u00bb. Autour de ces discussions, des expositions \u00e0 visiter en ligne sont disponibles sur la plateforme du congr\u00e8s en tout temps.\u00a0<br \/>\u00a0<br \/>\u00ab\u00a0On the Edge\u00a0\u00bb est un th\u00e8me particuli\u00e8rement pertinent en Finlande et en Laponie. La Finlande se situe \u00e0 la fronti\u00e8re de l'Europe, tant g\u00e9ographiquement que culturellement, et la Laponie fait partie de la r\u00e9gion mystique de l'Arctique, ou un Ultima Thule si vous voulez; la fronti\u00e8re du monde connu.<\/p>\r\n<p>&nbsp;<\/p>\r\n<\/td>\r\n<td style=\"height: 10px; width: 302px;\">\r\n<p>\u00ab\u00a0On the Edge\u00a0\u00bb est un th\u00e8me qui encourage les discussions sur les courants dominants et les limites de la c\u00e9ramique et de son art, tant au niveau de sa nature que de son positionnement parmi toutes les formes d'art. \u00ab On the Edge\u00a0\u00bb sera \u00e9galement interpr\u00e9t\u00e9 comme une ligne de temps, un continuum entre pass\u00e9, pr\u00e9sent et futur.<\/p>\r\n<p><span style=\"text-decoration: underline;\">Breakout Session<br \/><\/span>Cet \u00e9v\u00e8nement, ouvert au public, est une sc\u00e8ne de promotion pour les membres de l\u2019AIC. Elle est destin\u00e9e \u00e0 l'annonce d\u2019activit\u00e9s culturelles (programmes, recherches, exp\u00e9rience artistique, etc.), et ceci, dans un format de cinq minutes par intervention.<\/p>\r\n<\/td>\r\n<\/tr>\r\n<\/tbody>\r\n<\/table>","_fr_post_name":"programme","_fr_post_excerpt":"Le programme du 49\u00e8me Congr\u00e8s AIC - On the Edge","_fr_post_title":"Programme","edit_language":"fr","footnotes":""},"class_list":["post-7","page","type-page","status-publish","has-post-thumbnail","hentry"],"_links":{"self":[{"href":"https:\/\/rovaniemi-posio2021.aic-iac.org\/fr\/wp-json\/wp\/v2\/pages\/7","targetHints":{"allow":["GET"]}}],"collection":[{"href":"https:\/\/rovaniemi-posio2021.aic-iac.org\/fr\/wp-json\/wp\/v2\/pages"}],"about":[{"href":"https:\/\/rovaniemi-posio2021.aic-iac.org\/fr\/wp-json\/wp\/v2\/types\/page"}],"author":[{"embeddable":true,"href":"https:\/\/rovaniemi-posio2021.aic-iac.org\/fr\/wp-json\/wp\/v2\/users\/4"}],"replies":[{"embeddable":true,"href":"https:\/\/rovaniemi-posio2021.aic-iac.org\/fr\/wp-json\/wp\/v2\/comments?post=7"}],"version-history":[{"count":373,"href":"https:\/\/rovaniemi-posio2021.aic-iac.org\/fr\/wp-json\/wp\/v2\/pages\/7\/revisions"}],"predecessor-version":[{"id":1555,"href":"https:\/\/rovaniemi-posio2021.aic-iac.org\/fr\/wp-json\/wp\/v2\/pages\/7\/revisions\/1555"}],"wp:featuredmedia":[{"embeddable":true,"href":"https:\/\/rovaniemi-posio2021.aic-iac.org\/fr\/wp-json\/wp\/v2\/media\/51"}],"wp:attachment":[{"href":"https:\/\/rovaniemi-posio2021.aic-iac.org\/fr\/wp-json\/wp\/v2\/media?parent=7"}],"curies":[{"name":"wp","href":"https:\/\/api.w.org\/{rel}","templated":true}]}}